{"id":182,"date":"2025-10-24T13:50:14","date_gmt":"2025-10-24T13:50:14","guid":{"rendered":"https:\/\/marthahernandezabogada.com\/?page_id=182"},"modified":"2025-11-04T21:37:21","modified_gmt":"2025-11-04T21:37:21","slug":"182-2","status":"publish","type":"page","link":"https:\/\/marthahernandezabogada.com\/?page_id=182","title":{"rendered":"Derechos digitales de la infancia"},"content":{"rendered":"<p>[et_pb_section fb_built=\u00bb1&#8243; _builder_version=\u00bb4.27.4&#8243; _module_preset=\u00bbdefault\u00bb global_colors_info=\u00bb{}\u00bb][et_pb_row _builder_version=\u00bb4.27.4&#8243; _module_preset=\u00bbdefault\u00bb global_colors_info=\u00bb{}\u00bb][et_pb_column type=\u00bb4_4&#8243; _builder_version=\u00bb4.27.4&#8243; _module_preset=\u00bbdefault\u00bb global_colors_info=\u00bb{}\u00bb][et_pb_text _builder_version=\u00bb4.27.4&#8243; _module_preset=\u00bbdefault\u00bb text_font=\u00bb&#8211;et_global_heading_font||||||||\u00bb text_font_size=\u00bb53px\u00bb custom_padding=\u00bb||0px|||\u00bb hover_enabled=\u00bb0&#8243; global_colors_info=\u00bb{}\u00bb header_font_size=\u00bb34px\u00bb text_font_size_last_edited=\u00bbon|phone\u00bb text_font_size_phone=\u00bb49px\u00bb text_line_height=\u00bb1em\u00bb sticky_enabled=\u00bb0&#8243; text_font_size_tablet=\u00bb53px\u00bb]<\/p>\n<p style=\"text-align: center;\">Derechos digitales de la infancia<\/p>\n<p>[\/et_pb_text][\/et_pb_column][\/et_pb_row][\/et_pb_section][et_pb_section fb_built=\u00bb1&#8243; admin_label=\u00bbHero\u00bb _builder_version=\u00bb4.17.6&#8243; _module_preset=\u00bbdefault\u00bb locked=\u00bboff\u00bb collapsed=\u00bbon\u00bb global_colors_info=\u00bb{}\u00bb][et_pb_row column_structure=\u00bb1_2,1_2&#8243; _builder_version=\u00bb4.24.2&#8243; _module_preset=\u00bb5138c454-be54-4233-bd3b-f8e6a8747976&#8243; locked=\u00bboff\u00bb global_colors_info=\u00bb{}\u00bb][et_pb_column type=\u00bb1_2&#8243; _builder_version=\u00bb4.23.1&#8243; _module_preset=\u00bb73121f80-a3ef-4484-8763-c3f18e3c56d2&#8243; global_colors_info=\u00bb{}\u00bb][et_pb_heading title=\u00bbEl inter\u00e9s superior del menor como punto de partida\u00bb _builder_version=\u00bb4.24.2&#8243; _module_preset=\u00bbf0c675ea-2574-4d0e-b725-30f8550a8550&#8243; title_level=\u00bbh4&#8243; title_font=\u00bbKarla|Belleza_weight||on|||||\u00bb title_text_color=\u00bbgcid-primary-color\u00bb title_font_size=\u00bb14px\u00bb title_letter_spacing=\u00bb1px\u00bb title_line_height=\u00bb1.4em\u00bb custom_margin=\u00bb||10px||false|false\u00bb title_font_size_tablet=\u00bb13px\u00bb title_font_size_phone=\u00bb13px\u00bb title_font_size_last_edited=\u00bbon|desktop\u00bb locked=\u00bboff\u00bb global_colors_info=\u00bb{%22gcid-primary-color%22:%91%22title_text_color%22%93}\u00bb][\/et_pb_heading][et_pb_heading title=\u00bbProteger su infancia tambi\u00e9n es cuidar su huella digital\u00bb _builder_version=\u00bb4.24.3&#8243; _module_preset=\u00bbddeb8c09-9078-4424-bc15-2efb6572e28e\u00bb title_font=\u00bbBelleza|Belleza_weight|||||||\u00bb title_text_color=\u00bbgcid-heading-color\u00bb title_font_size=\u00bb72px\u00bb title_line_height=\u00bb1.15em\u00bb title_font_size_tablet=\u00bb40px\u00bb title_font_size_phone=\u00bb24px\u00bb title_font_size_last_edited=\u00bbon|phone\u00bb locked=\u00bboff\u00bb global_colors_info=\u00bb{}\u00bb][\/et_pb_heading][et_pb_text quote_border_color=\u00bbgcid-secondary-color\u00bb _builder_version=\u00bb4.24.2&#8243; _module_preset=\u00bb2c55a9c4-feed-423b-9edb-ae0b5b365cac\u00bb text_font=\u00bbKarla|Karla_weight|||||||\u00bb text_text_color=\u00bbgcid-body-color\u00bb text_font_size=\u00bb16px\u00bb text_line_height=\u00bb1.75em\u00bb link_font=\u00bb|Karla_weight|||||||\u00bb link_text_color=\u00bbgcid-primary-color\u00bb quote_font=\u00bbBelleza|Belleza_weight|||||||\u00bb quote_text_color=\u00bbgcid-heading-color\u00bb header_font=\u00bbBelleza|Belleza_weight|||||||\u00bb header_text_color=\u00bbgcid-heading-color\u00bb header_font_size=\u00bb72px\u00bb header_line_height=\u00bb1.15em\u00bb header_2_font=\u00bbBelleza|Belleza_weight|||||||\u00bb header_2_text_color=\u00bbgcid-heading-color\u00bb header_2_font_size=\u00bb50px\u00bb header_2_line_height=\u00bb1.2em\u00bb header_3_font=\u00bbBelleza|Belleza_weight|||||||\u00bb header_3_text_color=\u00bbgcid-heading-color\u00bb header_3_font_size=\u00bb32px\u00bb header_3_line_height=\u00bb1.3em\u00bb header_4_font=\u00bbBelleza|Belleza_weight|||||||\u00bb header_4_text_color=\u00bbgcid-heading-color\u00bb header_4_font_size=\u00bb24px\u00bb header_4_line_height=\u00bb1.4em\u00bb header_5_font=\u00bbBelleza|Belleza_weight|||||||\u00bb header_5_text_color=\u00bbgcid-heading-color\u00bb header_5_font_size=\u00bb18px\u00bb header_5_line_height=\u00bb1.4em\u00bb header_6_font=\u00bbBelleza|Belleza_weight|||||||\u00bb header_6_text_color=\u00bbgcid-heading-color\u00bb header_6_line_height=\u00bb1.5em\u00bb custom_margin=\u00bb||||false|false\u00bb text_font_size_tablet=\u00bb15px\u00bb text_font_size_phone=\u00bb14px\u00bb text_font_size_last_edited=\u00bbon|phone\u00bb header_font_size_tablet=\u00bb40px\u00bb header_font_size_phone=\u00bb24px\u00bb header_font_size_last_edited=\u00bbon|desktop\u00bb header_2_font_size_tablet=\u00bb28px\u00bb header_2_font_size_phone=\u00bb20px\u00bb header_2_font_size_last_edited=\u00bbon|phone\u00bb header_3_font_size_tablet=\u00bb22px\u00bb header_3_font_size_phone=\u00bb17px\u00bb header_3_font_size_last_edited=\u00bbon|phone\u00bb header_4_font_size_tablet=\u00bb18px\u00bb header_4_font_size_phone=\u00bb15px\u00bb header_4_font_size_last_edited=\u00bbon|tablet\u00bb header_5_font_size_tablet=\u00bb15px\u00bb header_5_font_size_phone=\u00bb14px\u00bb header_5_font_size_last_edited=\u00bbon|desktop\u00bb header_6_font_size_tablet=\u00bb13px\u00bb header_6_font_size_phone=\u00bb13px\u00bb header_6_font_size_last_edited=\u00bbon|desktop\u00bb locked=\u00bboff\u00bb global_colors_info=\u00bb{}\u00bb]<\/p>\n<p>En un mundo cada vez m\u00e1s digital, la protecci\u00f3n de la infancia se extiende al \u00e1mbito virtual. Aseg\u00farate de que sus derechos digitales est\u00e9n salvaguardados desde el principio.<\/p>\n<p>[\/et_pb_text][et_pb_button button_url=\u00bb@ET-DC@eyJkeW5hbWljIjp0cnVlLCJjb250ZW50IjoicG9zdF9saW5rX3VybF9wYWdlIiwic2V0dGluZ3MiOnsicG9zdF9pZCI6IjI4MyJ9fQ==@\u00bb button_text=\u00bbAgendar consulta\u00bb _builder_version=\u00bb4.27.4&#8243; _dynamic_attributes=\u00bbbutton_url\u00bb _module_preset=\u00bb1bffc0fc-42a0-49d1-bd9a-ae3ade2d7206&#8243; custom_button=\u00bbon\u00bb button_text_size=\u00bb14px\u00bb button_bg_color=\u00bbgcid-body-color\u00bb button_border_width=\u00bb0px\u00bb button_letter_spacing=\u00bb2px\u00bb button_font=\u00bbKarla|700|||||||\u00bb custom_padding=\u00bb12px|24px|12px|24px|true|true\u00bb locked=\u00bboff\u00bb global_colors_info=\u00bb{%22gcid-d25112c0-7b42-46ff-8371-eb895a856019%22:%91%22button_text_color%22,%22button_text_color%22%93,%22gcid-body-color%22:%91%22button_bg_color%22%93}\u00bb custom_padding__hover_enabled=\u00bboff|desktop\u00bb custom_padding__hover=\u00bb|28px||20px|true|false\u00bb][\/et_pb_button][\/et_pb_column][et_pb_column type=\u00bb1_2&#8243; _builder_version=\u00bb4.23.1&#8243; _module_preset=\u00bb73121f80-a3ef-4484-8763-c3f18e3c56d2&#8243; global_colors_info=\u00bb{}\u00bb][et_pb_image src=\u00bbhttps:\/\/marthahernandezabogada.com\/wp-content\/uploads\/2025\/10\/mkuesters_Marta_Fin_highres-23-scaled.jpg\u00bb title_text=\u00bbmkuesters_Marta_Fin_highres-23&#8243; _builder_version=\u00bb4.27.4&#8243; _module_preset=\u00bb1cc6152f-565c-4c4d-b0c9-cf8c9576c341&#8243; border_radii=\u00bbon|6px|6px|6px|6px\u00bb box_shadow_style=\u00bbpreset4&#8243; box_shadow_horizontal=\u00bb0px\u00bb box_shadow_vertical=\u00bb24px\u00bb box_shadow_blur=\u00bb72px\u00bb box_shadow_spread=\u00bb-12px\u00bb box_shadow_color=\u00bbrgba(0,0,0,0.12)\u00bb locked=\u00bboff\u00bb global_colors_info=\u00bb{}\u00bb][\/et_pb_image][\/et_pb_column][\/et_pb_row][\/et_pb_section][et_pb_section fb_built=\u00bb1&#8243; admin_label=\u00bbText\u00bb _builder_version=\u00bb4.18.0&#8243; _module_preset=\u00bbdefault\u00bb locked=\u00bboff\u00bb collapsed=\u00bbon\u00bb global_colors_info=\u00bb{}\u00bb][et_pb_row column_structure=\u00bb1_3,2_3&#8243; _builder_version=\u00bb4.16.1&#8243; _module_preset=\u00bb5138c454-be54-4233-bd3b-f8e6a8747976&#8243; global_colors_info=\u00bb{}\u00bb][et_pb_column type=\u00bb1_3&#8243; _builder_version=\u00bb4.16.1&#8243; _module_preset=\u00bb73121f80-a3ef-4484-8763-c3f18e3c56d2&#8243; global_colors_info=\u00bb{}\u00bb][et_pb_heading title=\u00bbLa importancia de la privacidad digital en la infancia\u00bb _builder_version=\u00bb4.24.3&#8243; _module_preset=\u00bbf0c675ea-2574-4d0e-b725-30f8550a8550&#8243; title_level=\u00bbh4&#8243; title_font=\u00bbKarla|Belleza_weight||on|||||\u00bb title_text_color=\u00bbgcid-heading-color\u00bb title_font_size=\u00bb14px\u00bb title_letter_spacing=\u00bb1px\u00bb title_line_height=\u00bb1.4em\u00bb custom_margin=\u00bb||10px||false|false\u00bb title_font_size_tablet=\u00bb13px\u00bb title_font_size_phone=\u00bb13px\u00bb title_font_size_last_edited=\u00bbon|desktop\u00bb global_colors_info=\u00bb{}\u00bb][\/et_pb_heading][\/et_pb_column][et_pb_column type=\u00bb2_3&#8243; _builder_version=\u00bb4.16.1&#8243; _module_preset=\u00bb73121f80-a3ef-4484-8763-c3f18e3c56d2&#8243; global_colors_info=\u00bb{}\u00bb][et_pb_heading title=\u00bbExposici\u00f3n digital temprana y el fen\u00f3meno del sharenting\u00bb _builder_version=\u00bb4.24.2&#8243; _module_preset=\u00bbba4a6336-701f-47b8-bf5c-09da0ce28016&#8243; title_level=\u00bbh3&#8243; title_font=\u00bbBelleza|Belleza_weight|||||||\u00bb title_text_color=\u00bbgcid-heading-color\u00bb title_font_size=\u00bb32px\u00bb title_line_height=\u00bb1.3em\u00bb custom_margin=\u00bb||10px||false|false\u00bb title_font_size_tablet=\u00bb22px\u00bb title_font_size_phone=\u00bb17px\u00bb title_font_size_last_edited=\u00bbon|phone\u00bb global_colors_info=\u00bb{}\u00bb][\/et_pb_heading][\/et_pb_column][\/et_pb_row][et_pb_row column_structure=\u00bb1_3,1_3,1_3&#8243; _builder_version=\u00bb4.16.1&#8243; _module_preset=\u00bb5138c454-be54-4233-bd3b-f8e6a8747976&#8243; custom_padding=\u00bb0px|||||\u00bb global_colors_info=\u00bb{}\u00bb][et_pb_column type=\u00bb1_3&#8243; _builder_version=\u00bb4.16.1&#8243; _module_preset=\u00bb73121f80-a3ef-4484-8763-c3f18e3c56d2&#8243; global_colors_info=\u00bb{}\u00bb][\/et_pb_column][et_pb_column type=\u00bb1_3&#8243; _builder_version=\u00bb4.16.1&#8243; _module_preset=\u00bb73121f80-a3ef-4484-8763-c3f18e3c56d2&#8243; global_colors_info=\u00bb{}\u00bb][et_pb_text quote_border_color=\u00bbgcid-secondary-color\u00bb _builder_version=\u00bb4.24.2&#8243; _module_preset=\u00bb2c55a9c4-feed-423b-9edb-ae0b5b365cac\u00bb text_font=\u00bbKarla|Karla_weight|||||||\u00bb text_text_color=\u00bbgcid-body-color\u00bb text_font_size=\u00bb16px\u00bb text_line_height=\u00bb1.75em\u00bb link_font=\u00bb|Karla_weight|||||||\u00bb link_text_color=\u00bbgcid-primary-color\u00bb quote_font=\u00bbBelleza|Belleza_weight|||||||\u00bb quote_text_color=\u00bbgcid-heading-color\u00bb header_font=\u00bbBelleza|Belleza_weight|||||||\u00bb header_text_color=\u00bbgcid-heading-color\u00bb header_font_size=\u00bb72px\u00bb header_line_height=\u00bb1.15em\u00bb header_2_font=\u00bbBelleza|Belleza_weight|||||||\u00bb header_2_text_color=\u00bbgcid-heading-color\u00bb header_2_font_size=\u00bb50px\u00bb header_2_line_height=\u00bb1.2em\u00bb header_3_font=\u00bbBelleza|Belleza_weight|||||||\u00bb header_3_text_color=\u00bbgcid-heading-color\u00bb header_3_font_size=\u00bb32px\u00bb header_3_line_height=\u00bb1.3em\u00bb header_4_font=\u00bbBelleza|Belleza_weight|||||||\u00bb header_4_text_color=\u00bbgcid-heading-color\u00bb header_4_font_size=\u00bb24px\u00bb header_4_line_height=\u00bb1.4em\u00bb header_5_font=\u00bbBelleza|Belleza_weight|||||||\u00bb header_5_text_color=\u00bbgcid-heading-color\u00bb header_5_font_size=\u00bb18px\u00bb header_5_line_height=\u00bb1.4em\u00bb header_6_font=\u00bbBelleza|Belleza_weight|||||||\u00bb header_6_text_color=\u00bbgcid-heading-color\u00bb header_6_line_height=\u00bb1.5em\u00bb custom_margin=\u00bb||||false|false\u00bb text_font_size_tablet=\u00bb15px\u00bb text_font_size_phone=\u00bb14px\u00bb text_font_size_last_edited=\u00bbon|phone\u00bb header_font_size_tablet=\u00bb40px\u00bb header_font_size_phone=\u00bb24px\u00bb header_font_size_last_edited=\u00bbon|desktop\u00bb header_2_font_size_tablet=\u00bb28px\u00bb header_2_font_size_phone=\u00bb20px\u00bb header_2_font_size_last_edited=\u00bbon|phone\u00bb header_3_font_size_tablet=\u00bb22px\u00bb header_3_font_size_phone=\u00bb17px\u00bb header_3_font_size_last_edited=\u00bbon|phone\u00bb header_4_font_size_tablet=\u00bb18px\u00bb header_4_font_size_phone=\u00bb15px\u00bb header_4_font_size_last_edited=\u00bbon|tablet\u00bb header_5_font_size_tablet=\u00bb15px\u00bb header_5_font_size_phone=\u00bb14px\u00bb header_5_font_size_last_edited=\u00bbon|desktop\u00bb header_6_font_size_tablet=\u00bb13px\u00bb header_6_font_size_phone=\u00bb13px\u00bb header_6_font_size_last_edited=\u00bbon|desktop\u00bb locked=\u00bboff\u00bb global_colors_info=\u00bb{}\u00bb]<\/p>\n<p>Los ni\u00f1os de hoy en d\u00eda est\u00e1n expuestos a la tecnolog\u00eda desde edades muy tempranas, lo que plantea nuevos desaf\u00edos para proteger su privacidad. El fen\u00f3meno del &#8216;sharenting&#8217;, donde los padres comparten im\u00e1genes y datos de sus hijos en redes sociales, puede comprometer la seguridad y el bienestar de los menores.<\/p>\n<p>[\/et_pb_text][\/et_pb_column][et_pb_column type=\u00bb1_3&#8243; _builder_version=\u00bb4.16.1&#8243; _module_preset=\u00bb73121f80-a3ef-4484-8763-c3f18e3c56d2&#8243; global_colors_info=\u00bb{}\u00bb][et_pb_text quote_border_color=\u00bbgcid-secondary-color\u00bb _builder_version=\u00bb4.24.2&#8243; _module_preset=\u00bb2c55a9c4-feed-423b-9edb-ae0b5b365cac\u00bb text_font=\u00bbKarla|Karla_weight|||||||\u00bb text_text_color=\u00bbgcid-body-color\u00bb text_font_size=\u00bb16px\u00bb text_line_height=\u00bb1.75em\u00bb link_font=\u00bb|Karla_weight|||||||\u00bb link_text_color=\u00bbgcid-primary-color\u00bb quote_font=\u00bbBelleza|Belleza_weight|||||||\u00bb quote_text_color=\u00bbgcid-heading-color\u00bb header_font=\u00bbBelleza|Belleza_weight|||||||\u00bb header_text_color=\u00bbgcid-heading-color\u00bb header_font_size=\u00bb72px\u00bb header_line_height=\u00bb1.15em\u00bb header_2_font=\u00bbBelleza|Belleza_weight|||||||\u00bb header_2_text_color=\u00bbgcid-heading-color\u00bb header_2_font_size=\u00bb50px\u00bb header_2_line_height=\u00bb1.2em\u00bb header_3_font=\u00bbBelleza|Belleza_weight|||||||\u00bb header_3_text_color=\u00bbgcid-heading-color\u00bb header_3_font_size=\u00bb32px\u00bb header_3_line_height=\u00bb1.3em\u00bb header_4_font=\u00bbBelleza|Belleza_weight|||||||\u00bb header_4_text_color=\u00bbgcid-heading-color\u00bb header_4_font_size=\u00bb24px\u00bb header_4_line_height=\u00bb1.4em\u00bb header_5_font=\u00bbBelleza|Belleza_weight|||||||\u00bb header_5_text_color=\u00bbgcid-heading-color\u00bb header_5_font_size=\u00bb18px\u00bb header_5_line_height=\u00bb1.4em\u00bb header_6_font=\u00bbBelleza|Belleza_weight|||||||\u00bb header_6_text_color=\u00bbgcid-heading-color\u00bb header_6_line_height=\u00bb1.5em\u00bb custom_margin=\u00bb||||false|false\u00bb text_font_size_tablet=\u00bb15px\u00bb text_font_size_phone=\u00bb14px\u00bb text_font_size_last_edited=\u00bbon|phone\u00bb header_font_size_tablet=\u00bb40px\u00bb header_font_size_phone=\u00bb24px\u00bb header_font_size_last_edited=\u00bbon|desktop\u00bb header_2_font_size_tablet=\u00bb28px\u00bb header_2_font_size_phone=\u00bb20px\u00bb header_2_font_size_last_edited=\u00bbon|phone\u00bb header_3_font_size_tablet=\u00bb22px\u00bb header_3_font_size_phone=\u00bb17px\u00bb header_3_font_size_last_edited=\u00bbon|phone\u00bb header_4_font_size_tablet=\u00bb18px\u00bb header_4_font_size_phone=\u00bb15px\u00bb header_4_font_size_last_edited=\u00bbon|tablet\u00bb header_5_font_size_tablet=\u00bb15px\u00bb header_5_font_size_phone=\u00bb14px\u00bb header_5_font_size_last_edited=\u00bbon|desktop\u00bb header_6_font_size_tablet=\u00bb13px\u00bb header_6_font_size_phone=\u00bb13px\u00bb header_6_font_size_last_edited=\u00bbon|desktop\u00bb locked=\u00bboff\u00bb global_colors_info=\u00bb{}\u00bb]<\/p>\n<p>Es crucial educar a los padres sobre los riesgos asociados con la exposici\u00f3n digital y la importancia de establecer l\u00edmites claros para proteger la identidad y privacidad de sus hijos. La protecci\u00f3n de la infancia en el entorno digital es una extensi\u00f3n de su bienestar general.<\/p>\n<p>[\/et_pb_text][\/et_pb_column][\/et_pb_row][\/et_pb_section][et_pb_section fb_built=\u00bb1&#8243; admin_label=\u00bbFrequently Asked Questions\u00bb _builder_version=\u00bb4.23.1&#8243; _module_preset=\u00bbdefault\u00bb custom_padding=\u00bb||18px|||\u00bb locked=\u00bboff\u00bb collapsed=\u00bbon\u00bb global_colors_info=\u00bb{}\u00bb][et_pb_row _builder_version=\u00bb4.17.3&#8243; _module_preset=\u00bb5138c454-be54-4233-bd3b-f8e6a8747976&#8243; global_colors_info=\u00bb{}\u00bb][et_pb_column type=\u00bb4_4&#8243; _builder_version=\u00bb4.17.3&#8243; _module_preset=\u00bb73121f80-a3ef-4484-8763-c3f18e3c56d2&#8243; global_colors_info=\u00bb{}\u00bb][et_pb_heading title=\u00bbPreguntas Frecuentes sobre Protecci\u00f3n Digital de Menores\u00bb _builder_version=\u00bb4.24.3&#8243; _module_preset=\u00bbc33f07d9-41e0-421a-8799-5799df695cce\u00bb title_level=\u00bbh2&#8243; title_font=\u00bbBelleza|Belleza_weight|||||||\u00bb title_text_color=\u00bbgcid-heading-color\u00bb title_font_size=\u00bb50px\u00bb title_line_height=\u00bb1.2em\u00bb custom_margin=\u00bb||10px||false|false\u00bb title_font_size_tablet=\u00bb28px\u00bb title_font_size_phone=\u00bb20px\u00bb title_font_size_last_edited=\u00bbon|phone\u00bb locked=\u00bboff\u00bb global_colors_info=\u00bb{}\u00bb][\/et_pb_heading][\/et_pb_column][\/et_pb_row][et_pb_row column_structure=\u00bb1_3,1_3,1_3&#8243; _builder_version=\u00bb4.24.2&#8243; _module_preset=\u00bb5138c454-be54-4233-bd3b-f8e6a8747976&#8243; locked=\u00bboff\u00bb global_colors_info=\u00bb{}\u00bb][et_pb_column type=\u00bb1_3&#8243; _builder_version=\u00bb4.16&#8243; _module_preset=\u00bb73121f80-a3ef-4484-8763-c3f18e3c56d2&#8243; global_colors_info=\u00bb{}\u00bb][et_pb_blurb title=\u00bb\u00bfQu\u00e9 hacer si el otro progenitor no est\u00e1 de acuerdo con la protecci\u00f3n digital de nuestro hijo?\u00bb use_icon=\u00bbon\u00bb font_icon=\u00bb&#x75;||divi||400&#8243; icon_color=\u00bbgcid-d25112c0-7b42-46ff-8371-eb895a856019&#8243; image_icon_background_color=\u00bbgcid-primary-color\u00bb icon_placement=\u00bbleft\u00bb image_icon_width=\u00bb24px\u00bb content_max_width=\u00bb100%\u00bb module_class=\u00bbai_ignore_font_icon\u00bb _builder_version=\u00bb4.27.4&#8243; _module_preset=\u00bbc4be762d-d134-408e-b49a-ae764af14c39&#8243; header_font=\u00bbBelleza|Belleza_weight|||||||\u00bb header_text_color=\u00bbgcid-heading-color\u00bb header_font_size=\u00bb18px\u00bb header_line_height=\u00bb1.4em\u00bb body_font=\u00bbKarla|Karla_weight|||||||\u00bb body_text_color=\u00bbgcid-body-color\u00bb body_font_size=\u00bb16px\u00bb body_line_height=\u00bb1.75em\u00bb body_link_text_color=\u00bbgcid-primary-color\u00bb image_icon_custom_margin=\u00bb||||false\u00bb image_icon_custom_padding=\u00bb14px|14px|14px|14px|true|true\u00bb header_font_size_tablet=\u00bb15px\u00bb header_font_size_phone=\u00bb14px\u00bb header_font_size_last_edited=\u00bbon|phone\u00bb body_font_size_tablet=\u00bb15px\u00bb body_font_size_phone=\u00bb14px\u00bb body_font_size_last_edited=\u00bbon|desktop\u00bb border_radii_image=\u00bbon|40px|40px|40px|40px\u00bb global_colors_info=\u00bb{%22gcid-heading-color%22:%91%22header_text_color%22%93,%22gcid-body-color%22:%91%22body_text_color%22%93,%22gcid-primary-color%22:%91%22image_icon_background_color%22%93,%22gcid-d25112c0-7b42-46ff-8371-eb895a856019%22:%91%22icon_color%22%93}\u00bb]<\/p>\n<p>Es fundamental llegar a un acuerdo mutuo sobre la protecci\u00f3n digital de su hijo. Si no es posible, se recomienda buscar asesoramiento legal para mediar y encontrar una soluci\u00f3n que priorice el bienestar del menor.<\/p>\n<p>[\/et_pb_blurb][\/et_pb_column][et_pb_column type=\u00bb1_3&#8243; _builder_version=\u00bb4.16&#8243; _module_preset=\u00bb73121f80-a3ef-4484-8763-c3f18e3c56d2&#8243; global_colors_info=\u00bb{}\u00bb][et_pb_blurb title=\u00bb\u00bfEs legal el uso comercial de im\u00e1genes de menores sin consentimiento?\u00bb use_icon=\u00bbon\u00bb font_icon=\u00bb&#x75;||divi||400&#8243; icon_color=\u00bb#FFFFFF\u00bb image_icon_background_color=\u00bbgcid-primary-color\u00bb icon_placement=\u00bbleft\u00bb image_icon_width=\u00bb24px\u00bb content_max_width=\u00bb100%\u00bb module_class=\u00bbai_ignore_font_icon\u00bb _builder_version=\u00bb4.27.4&#8243; _module_preset=\u00bbc4be762d-d134-408e-b49a-ae764af14c39&#8243; header_font=\u00bbBelleza|Belleza_weight|||||||\u00bb header_text_color=\u00bbgcid-heading-color\u00bb header_font_size=\u00bb18px\u00bb header_line_height=\u00bb1.4em\u00bb body_font=\u00bbKarla|Karla_weight|||||||\u00bb body_text_color=\u00bbgcid-body-color\u00bb body_font_size=\u00bb16px\u00bb body_line_height=\u00bb1.75em\u00bb body_link_text_color=\u00bbgcid-primary-color\u00bb image_icon_custom_margin=\u00bb||||false\u00bb image_icon_custom_padding=\u00bb14px|14px|14px|14px|true|true\u00bb header_font_size_tablet=\u00bb15px\u00bb header_font_size_phone=\u00bb14px\u00bb header_font_size_last_edited=\u00bbon|phone\u00bb body_font_size_tablet=\u00bb15px\u00bb body_font_size_phone=\u00bb14px\u00bb body_font_size_last_edited=\u00bbon|desktop\u00bb border_radii_image=\u00bbon|40px|40px|40px|40px\u00bb global_colors_info=\u00bb{%22gcid-heading-color%22:%91%22header_text_color%22%93,%22gcid-body-color%22:%91%22body_text_color%22%93,%22gcid-primary-color%22:%91%22image_icon_background_color%22%93}\u00bb]<\/p>\n<p>No, el uso comercial de im\u00e1genes de menores sin el consentimiento expl\u00edcito de los padres o tutores es ilegal. Es importante proteger los derechos de imagen de los ni\u00f1os y actuar legalmente si se produce una infracci\u00f3n.<\/p>\n<p>[\/et_pb_blurb][\/et_pb_column][et_pb_column type=\u00bb1_3&#8243; _builder_version=\u00bb4.16&#8243; _module_preset=\u00bb73121f80-a3ef-4484-8763-c3f18e3c56d2&#8243; global_colors_info=\u00bb{}\u00bb][et_pb_blurb title=\u00bb\u00bfC\u00f3mo puedo proteger la privacidad digital de mi hijo en redes sociales?\u00bb use_icon=\u00bbon\u00bb font_icon=\u00bb&#x75;||divi||400&#8243; icon_color=\u00bb#FFFFFF\u00bb image_icon_background_color=\u00bbgcid-primary-color\u00bb icon_placement=\u00bbleft\u00bb image_icon_width=\u00bb24px\u00bb content_max_width=\u00bb100%\u00bb module_class=\u00bbai_ignore_font_icon\u00bb _builder_version=\u00bb4.27.4&#8243; _module_preset=\u00bbc4be762d-d134-408e-b49a-ae764af14c39&#8243; header_font=\u00bbBelleza|Belleza_weight|||||||\u00bb header_text_color=\u00bbgcid-heading-color\u00bb header_font_size=\u00bb18px\u00bb header_line_height=\u00bb1.4em\u00bb body_font=\u00bbKarla|Karla_weight|||||||\u00bb body_text_color=\u00bbgcid-body-color\u00bb body_font_size=\u00bb16px\u00bb body_line_height=\u00bb1.75em\u00bb body_link_text_color=\u00bbgcid-primary-color\u00bb image_icon_custom_margin=\u00bb||||false\u00bb image_icon_custom_padding=\u00bb14px|14px|14px|14px|true|true\u00bb header_font_size_tablet=\u00bb15px\u00bb header_font_size_phone=\u00bb14px\u00bb header_font_size_last_edited=\u00bbon|phone\u00bb body_font_size_tablet=\u00bb15px\u00bb body_font_size_phone=\u00bb14px\u00bb body_font_size_last_edited=\u00bbon|desktop\u00bb border_radii_image=\u00bbon|40px|40px|40px|40px\u00bb global_colors_info=\u00bb{%22gcid-heading-color%22:%91%22header_text_color%22%93,%22gcid-body-color%22:%91%22body_text_color%22%93,%22gcid-primary-color%22:%91%22image_icon_background_color%22%93}\u00bb]<\/p>\n<p>Establece configuraciones de privacidad estrictas en las cuentas de redes sociales y evita compartir informaci\u00f3n personal o im\u00e1genes identificables de tu hijo. Educar a los ni\u00f1os sobre la seguridad en l\u00ednea tambi\u00e9n es crucial.<\/p>\n<p>[\/et_pb_blurb][\/et_pb_column][\/et_pb_row][et_pb_row column_structure=\u00bb1_3,1_3,1_3&#8243; _builder_version=\u00bb4.24.2&#8243; _module_preset=\u00bb5138c454-be54-4233-bd3b-f8e6a8747976&#8243; locked=\u00bboff\u00bb global_colors_info=\u00bb{}\u00bb][et_pb_column type=\u00bb1_3&#8243; _builder_version=\u00bb4.16&#8243; _module_preset=\u00bb73121f80-a3ef-4484-8763-c3f18e3c56d2&#8243; global_colors_info=\u00bb{}\u00bb][et_pb_blurb title=\u00bb\u00bfQu\u00e9 pasos seguir si las im\u00e1genes de mi hijo se han compartido sin permiso?\u00bb use_icon=\u00bbon\u00bb font_icon=\u00bb&#x75;||divi||400&#8243; icon_color=\u00bb#FFFFFF\u00bb image_icon_background_color=\u00bbgcid-primary-color\u00bb icon_placement=\u00bbleft\u00bb image_icon_width=\u00bb24px\u00bb content_max_width=\u00bb100%\u00bb module_class=\u00bbai_ignore_font_icon\u00bb _builder_version=\u00bb4.27.4&#8243; _module_preset=\u00bbc4be762d-d134-408e-b49a-ae764af14c39&#8243; header_font=\u00bbBelleza|Belleza_weight|||||||\u00bb header_text_color=\u00bbgcid-heading-color\u00bb header_font_size=\u00bb18px\u00bb header_line_height=\u00bb1.4em\u00bb body_font=\u00bbKarla|Karla_weight|||||||\u00bb body_text_color=\u00bbgcid-body-color\u00bb body_font_size=\u00bb16px\u00bb body_line_height=\u00bb1.75em\u00bb body_link_text_color=\u00bbgcid-primary-color\u00bb image_icon_custom_margin=\u00bb||||false\u00bb image_icon_custom_padding=\u00bb14px|14px|14px|14px|true|true\u00bb header_font_size_tablet=\u00bb15px\u00bb header_font_size_phone=\u00bb14px\u00bb header_font_size_last_edited=\u00bbon|phone\u00bb body_font_size_tablet=\u00bb15px\u00bb body_font_size_phone=\u00bb14px\u00bb body_font_size_last_edited=\u00bbon|desktop\u00bb border_radii_image=\u00bbon|40px|40px|40px|40px\u00bb global_colors_info=\u00bb{%22gcid-heading-color%22:%91%22header_text_color%22%93,%22gcid-body-color%22:%91%22body_text_color%22%93,%22gcid-primary-color%22:%91%22image_icon_background_color%22%93}\u00bb]<\/p>\n<p>Contacta con la plataforma donde se compartieron las im\u00e1genes para solicitar su eliminaci\u00f3n. Si no se resuelve, considera tomar acciones legales para proteger los derechos de tu hijo.<\/p>\n<p>[\/et_pb_blurb][\/et_pb_column][et_pb_column type=\u00bb1_3&#8243; _builder_version=\u00bb4.16&#8243; _module_preset=\u00bb73121f80-a3ef-4484-8763-c3f18e3c56d2&#8243; global_colors_info=\u00bb{}\u00bb][et_pb_blurb title=\u00bb\u00bfC\u00f3mo afecta el &#8216;sharenting&#8217; a la privacidad de los menores?\u00bb use_icon=\u00bbon\u00bb font_icon=\u00bb&#x75;||divi||400&#8243; icon_color=\u00bb#FFFFFF\u00bb image_icon_background_color=\u00bbgcid-primary-color\u00bb icon_placement=\u00bbleft\u00bb image_icon_width=\u00bb24px\u00bb content_max_width=\u00bb100%\u00bb module_class=\u00bbai_ignore_font_icon\u00bb _builder_version=\u00bb4.27.4&#8243; _module_preset=\u00bbc4be762d-d134-408e-b49a-ae764af14c39&#8243; header_font=\u00bbBelleza|Belleza_weight|||||||\u00bb header_text_color=\u00bbgcid-heading-color\u00bb header_font_size=\u00bb18px\u00bb header_line_height=\u00bb1.4em\u00bb body_font=\u00bbKarla|Karla_weight|||||||\u00bb body_text_color=\u00bbgcid-body-color\u00bb body_font_size=\u00bb16px\u00bb body_line_height=\u00bb1.75em\u00bb body_link_text_color=\u00bbgcid-primary-color\u00bb image_icon_custom_margin=\u00bb||||false\u00bb image_icon_custom_padding=\u00bb14px|14px|14px|14px|true|true\u00bb header_font_size_tablet=\u00bb15px\u00bb header_font_size_phone=\u00bb14px\u00bb header_font_size_last_edited=\u00bbon|phone\u00bb body_font_size_tablet=\u00bb15px\u00bb body_font_size_phone=\u00bb14px\u00bb body_font_size_last_edited=\u00bbon|desktop\u00bb border_radii_image=\u00bbon|40px|40px|40px|40px\u00bb global_colors_info=\u00bb{%22gcid-heading-color%22:%91%22header_text_color%22%93,%22gcid-body-color%22:%91%22body_text_color%22%93,%22gcid-primary-color%22:%91%22image_icon_background_color%22%93}\u00bb]<\/p>\n<p>El &#8216;sharenting&#8217; puede comprometer la privacidad de los menores al exponer su informaci\u00f3n personal y fotos en l\u00ednea, lo que podr\u00eda ser utilizado sin su consentimiento en el futuro.<\/p>\n<p>[\/et_pb_blurb][\/et_pb_column][et_pb_column type=\u00bb1_3&#8243; _builder_version=\u00bb4.16&#8243; _module_preset=\u00bb73121f80-a3ef-4484-8763-c3f18e3c56d2&#8243; global_colors_info=\u00bb{}\u00bb][et_pb_blurb title=\u00bb\u00bfQu\u00e9 medidas legales existen para proteger a los menores en el entorno digital?\u00bb use_icon=\u00bbon\u00bb font_icon=\u00bb&#x75;||divi||400&#8243; icon_color=\u00bb#FFFFFF\u00bb image_icon_background_color=\u00bbgcid-primary-color\u00bb icon_placement=\u00bbleft\u00bb image_icon_width=\u00bb24px\u00bb content_max_width=\u00bb100%\u00bb module_class=\u00bbai_ignore_font_icon\u00bb _builder_version=\u00bb4.27.4&#8243; _module_preset=\u00bbc4be762d-d134-408e-b49a-ae764af14c39&#8243; header_font=\u00bbBelleza|Belleza_weight|||||||\u00bb header_text_color=\u00bbgcid-heading-color\u00bb header_font_size=\u00bb18px\u00bb header_line_height=\u00bb1.4em\u00bb body_font=\u00bbKarla|Karla_weight|||||||\u00bb body_text_color=\u00bbgcid-body-color\u00bb body_font_size=\u00bb16px\u00bb body_line_height=\u00bb1.75em\u00bb body_link_text_color=\u00bbgcid-primary-color\u00bb image_icon_custom_margin=\u00bb||||false\u00bb image_icon_custom_padding=\u00bb14px|14px|14px|14px|true|true\u00bb header_font_size_tablet=\u00bb15px\u00bb header_font_size_phone=\u00bb14px\u00bb header_font_size_last_edited=\u00bbon|phone\u00bb body_font_size_tablet=\u00bb15px\u00bb body_font_size_phone=\u00bb14px\u00bb body_font_size_last_edited=\u00bbon|desktop\u00bb border_radii_image=\u00bbon|40px|40px|40px|40px\u00bb global_colors_info=\u00bb{%22gcid-heading-color%22:%91%22header_text_color%22%93,%22gcid-body-color%22:%91%22body_text_color%22%93,%22gcid-primary-color%22:%91%22image_icon_background_color%22%93}\u00bb]<\/p>\n<p>Existen leyes espec\u00edficas que protegen la privacidad y los derechos de los menores en el entorno digital. Consultar con un abogado especializado puede ayudar a entender y aplicar estas leyes adecuadamente.<\/p>\n<p>[\/et_pb_blurb][\/et_pb_column][\/et_pb_row][et_pb_row column_structure=\u00bb1_3,1_3,1_3&#8243; _builder_version=\u00bb4.24.2&#8243; _module_preset=\u00bb5138c454-be54-4233-bd3b-f8e6a8747976&#8243; locked=\u00bboff\u00bb global_colors_info=\u00bb{}\u00bb][et_pb_column type=\u00bb1_3&#8243; _builder_version=\u00bb4.16&#8243; _module_preset=\u00bb73121f80-a3ef-4484-8763-c3f18e3c56d2&#8243; global_colors_info=\u00bb{}\u00bb][et_pb_blurb title=\u00bb\u00bfQu\u00e9 hacer si mi hijo es v\u00edctima de ciberacoso?\u00bb use_icon=\u00bbon\u00bb font_icon=\u00bb&#x75;||divi||400&#8243; icon_color=\u00bb#FFFFFF\u00bb image_icon_background_color=\u00bbgcid-primary-color\u00bb icon_placement=\u00bbleft\u00bb image_icon_width=\u00bb24px\u00bb content_max_width=\u00bb100%\u00bb module_class=\u00bbai_ignore_font_icon\u00bb _builder_version=\u00bb4.27.4&#8243; _module_preset=\u00bbc4be762d-d134-408e-b49a-ae764af14c39&#8243; header_font=\u00bbBelleza|Belleza_weight|||||||\u00bb header_text_color=\u00bbgcid-heading-color\u00bb header_font_size=\u00bb18px\u00bb header_line_height=\u00bb1.4em\u00bb body_font=\u00bbKarla|Karla_weight|||||||\u00bb body_text_color=\u00bbgcid-body-color\u00bb body_font_size=\u00bb16px\u00bb body_line_height=\u00bb1.75em\u00bb body_link_text_color=\u00bbgcid-primary-color\u00bb image_icon_custom_margin=\u00bb||||false\u00bb image_icon_custom_padding=\u00bb14px|14px|14px|14px|true|true\u00bb header_font_size_tablet=\u00bb15px\u00bb header_font_size_phone=\u00bb14px\u00bb header_font_size_last_edited=\u00bbon|phone\u00bb body_font_size_tablet=\u00bb15px\u00bb body_font_size_phone=\u00bb14px\u00bb body_font_size_last_edited=\u00bbon|desktop\u00bb border_radii_image=\u00bbon|40px|40px|40px|40px\u00bb global_colors_info=\u00bb{%22gcid-heading-color%22:%91%22header_text_color%22%93,%22gcid-body-color%22:%91%22body_text_color%22%93,%22gcid-primary-color%22:%91%22image_icon_background_color%22%93}\u00bb]<\/p>\n<p>Es importante documentar todas las pruebas de ciberacoso y reportarlo a las autoridades pertinentes. Buscar apoyo legal y psicol\u00f3gico puede ser crucial para manejar la situaci\u00f3n de manera efectiva.<\/p>\n<p>[\/et_pb_blurb][\/et_pb_column][et_pb_column type=\u00bb1_3&#8243; _builder_version=\u00bb4.16&#8243; _module_preset=\u00bb73121f80-a3ef-4484-8763-c3f18e3c56d2&#8243; global_colors_info=\u00bb{}\u00bb][et_pb_blurb title=\u00bb\u00bfC\u00f3mo puedo educar a mi hijo sobre los riesgos digitales?\u00bb use_icon=\u00bbon\u00bb font_icon=\u00bb&#x75;||divi||400&#8243; icon_color=\u00bb#FFFFFF\u00bb image_icon_background_color=\u00bbgcid-primary-color\u00bb icon_placement=\u00bbleft\u00bb image_icon_width=\u00bb24px\u00bb content_max_width=\u00bb100%\u00bb module_class=\u00bbai_ignore_font_icon\u00bb _builder_version=\u00bb4.27.4&#8243; _module_preset=\u00bbc4be762d-d134-408e-b49a-ae764af14c39&#8243; header_font=\u00bbBelleza|Belleza_weight|||||||\u00bb header_text_color=\u00bbgcid-heading-color\u00bb header_font_size=\u00bb18px\u00bb header_line_height=\u00bb1.4em\u00bb body_font=\u00bbKarla|Karla_weight|||||||\u00bb body_text_color=\u00bbgcid-body-color\u00bb body_font_size=\u00bb16px\u00bb body_line_height=\u00bb1.75em\u00bb body_link_text_color=\u00bbgcid-primary-color\u00bb image_icon_custom_margin=\u00bb||||false\u00bb image_icon_custom_padding=\u00bb14px|14px|14px|14px|true|true\u00bb header_font_size_tablet=\u00bb15px\u00bb header_font_size_phone=\u00bb14px\u00bb header_font_size_last_edited=\u00bbon|phone\u00bb body_font_size_tablet=\u00bb15px\u00bb body_font_size_phone=\u00bb14px\u00bb body_font_size_last_edited=\u00bbon|desktop\u00bb border_radii_image=\u00bbon|40px|40px|40px|40px\u00bb global_colors_info=\u00bb{%22gcid-heading-color%22:%91%22header_text_color%22%93,%22gcid-body-color%22:%91%22body_text_color%22%93,%22gcid-primary-color%22:%91%22image_icon_background_color%22%93}\u00bb]<\/p>\n<p>Habla abiertamente con tu hijo sobre los riesgos en l\u00ednea y ens\u00e9\u00f1ale a identificar situaciones potencialmente peligrosas. Fomentar un di\u00e1logo continuo sobre la seguridad digital es clave.<\/p>\n<p>[\/et_pb_blurb][\/et_pb_column][et_pb_column type=\u00bb1_3&#8243; _builder_version=\u00bb4.16&#8243; _module_preset=\u00bb73121f80-a3ef-4484-8763-c3f18e3c56d2&#8243; global_colors_info=\u00bb{}\u00bb][et_pb_blurb title=\u00bb\u00bfQu\u00e9 recursos est\u00e1n disponibles para padres preocupados por la privacidad digital de sus hijos?\u00bb use_icon=\u00bbon\u00bb font_icon=\u00bb&#x75;||divi||400&#8243; icon_color=\u00bb#FFFFFF\u00bb image_icon_background_color=\u00bbgcid-primary-color\u00bb icon_placement=\u00bbleft\u00bb image_icon_width=\u00bb24px\u00bb content_max_width=\u00bb100%\u00bb module_class=\u00bbai_ignore_font_icon\u00bb _builder_version=\u00bb4.27.4&#8243; _module_preset=\u00bbc4be762d-d134-408e-b49a-ae764af14c39&#8243; header_font=\u00bbBelleza|Belleza_weight|||||||\u00bb header_text_color=\u00bbgcid-heading-color\u00bb header_font_size=\u00bb18px\u00bb header_line_height=\u00bb1.4em\u00bb body_font=\u00bbKarla|Karla_weight|||||||\u00bb body_text_color=\u00bbgcid-body-color\u00bb body_font_size=\u00bb16px\u00bb body_line_height=\u00bb1.75em\u00bb body_link_text_color=\u00bbgcid-primary-color\u00bb image_icon_custom_margin=\u00bb||||false\u00bb image_icon_custom_padding=\u00bb14px|14px|14px|14px|true|true\u00bb header_font_size_tablet=\u00bb15px\u00bb header_font_size_phone=\u00bb14px\u00bb header_font_size_last_edited=\u00bbon|phone\u00bb body_font_size_tablet=\u00bb15px\u00bb body_font_size_phone=\u00bb14px\u00bb body_font_size_last_edited=\u00bbon|desktop\u00bb border_radii_image=\u00bbon|40px|40px|40px|40px\u00bb global_colors_info=\u00bb{%22gcid-heading-color%22:%91%22header_text_color%22%93,%22gcid-body-color%22:%91%22body_text_color%22%93,%22gcid-primary-color%22:%91%22image_icon_background_color%22%93}\u00bb]<\/p>\n<p>Existen m\u00faltiples recursos, como gu\u00edas en l\u00ednea, talleres y asesoramiento legal, que pueden ayudar a los padres a entender y manejar la privacidad digital de sus hijos de manera efectiva.<\/p>\n<p>[\/et_pb_blurb][\/et_pb_column][\/et_pb_row][\/et_pb_section][et_pb_section fb_built=\u00bb1&#8243; admin_label=\u00bbServices\u00bb _builder_version=\u00bb4.23.1&#8243; _module_preset=\u00bbdefault\u00bb locked=\u00bboff\u00bb collapsed=\u00bbon\u00bb global_colors_info=\u00bb{}\u00bb][et_pb_row column_structure=\u00bb1_2,1_2&#8243; _builder_version=\u00bb4.23.1&#8243; _module_preset=\u00bb5138c454-be54-4233-bd3b-f8e6a8747976&#8243; global_colors_info=\u00bb{}\u00bb][et_pb_column type=\u00bb1_2&#8243; _builder_version=\u00bb4.17.3&#8243; _module_preset=\u00bb73121f80-a3ef-4484-8763-c3f18e3c56d2&#8243; global_colors_info=\u00bb{}\u00bb][et_pb_image src=\u00bbhttps:\/\/marthahernandezabogada.com\/wp-content\/uploads\/2025\/10\/mkuesters_Marta_Fin_highres-8-scaled.jpg\u00bb title_text=\u00bbmkuesters_Marta_Fin_highres-8&#8243; _builder_version=\u00bb4.27.4&#8243; _module_preset=\u00bb1cc6152f-565c-4c4d-b0c9-cf8c9576c341&#8243; border_radii=\u00bbon|6px|6px|6px|6px\u00bb box_shadow_style=\u00bbpreset3&#8243; box_shadow_vertical=\u00bb40px\u00bb box_shadow_blur=\u00bb112px\u00bb box_shadow_spread=\u00bb-24px\u00bb box_shadow_color=\u00bbrgba(0,0,0,0.12)\u00bb global_colors_info=\u00bb{}\u00bb][\/et_pb_image][\/et_pb_column][et_pb_column type=\u00bb1_2&#8243; _builder_version=\u00bb4.17.3&#8243; _module_preset=\u00bb73121f80-a3ef-4484-8763-c3f18e3c56d2&#8243; global_colors_info=\u00bb{}\u00bb][et_pb_heading title=\u00bbServicios Legales en Protecci\u00f3n Digital de Menores\u00bb _builder_version=\u00bb4.24.3&#8243; _module_preset=\u00bbc33f07d9-41e0-421a-8799-5799df695cce\u00bb title_level=\u00bbh2&#8243; title_font=\u00bbBelleza|Belleza_weight|||||||\u00bb title_text_color=\u00bbgcid-heading-color\u00bb title_font_size=\u00bb50px\u00bb title_line_height=\u00bb1.2em\u00bb custom_margin=\u00bb||10px||false|false\u00bb title_font_size_tablet=\u00bb28px\u00bb title_font_size_phone=\u00bb20px\u00bb title_font_size_last_edited=\u00bbon|phone\u00bb locked=\u00bboff\u00bb global_colors_info=\u00bb{}\u00bb][\/et_pb_heading][et_pb_blurb title=\u00bbAsesoramiento Legal Preventivo\u00bb use_icon=\u00bbon\u00bb font_icon=\u00bb&#xe012;||divi||400&#8243; icon_color=\u00bbgcid-primary-color\u00bb icon_placement=\u00bbleft\u00bb image_icon_width=\u00bb40px\u00bb content_max_width=\u00bb100%\u00bb _builder_version=\u00bb4.24.3&#8243; _module_preset=\u00bb65059203-12d3-44f6-8371-3f5cf61a0475&#8243; header_font=\u00bbBelleza|Belleza_weight|||||||\u00bb header_text_color=\u00bbgcid-heading-color\u00bb header_font_size=\u00bb18px\u00bb header_line_height=\u00bb1.4em\u00bb body_font=\u00bbKarla|Karla_weight|||||||\u00bb body_text_color=\u00bbgcid-body-color\u00bb body_font_size=\u00bb16px\u00bb body_line_height=\u00bb1.75em\u00bb body_link_text_color=\u00bbgcid-primary-color\u00bb animation=\u00bboff\u00bb header_font_size_tablet=\u00bb15px\u00bb header_font_size_phone=\u00bb14px\u00bb header_font_size_last_edited=\u00bbon|phone\u00bb body_font_size_tablet=\u00bb15px\u00bb body_font_size_phone=\u00bb14px\u00bb body_font_size_last_edited=\u00bbon|desktop\u00bb border_radii_image=\u00bbon|6px|6px|6px|6px\u00bb locked=\u00bboff\u00bb global_colors_info=\u00bb{%22gcid-f2943306-fa6c-45f0-b632-5fc00151366a%22:%91%22icon_color%22,%22icon_color%22%93}\u00bb]<\/p>\n<p>Ofrecemos orientaci\u00f3n experta para prevenir riesgos digitales, asegurando que los derechos de los menores est\u00e9n siempre protegidos en el entorno digital.<\/p>\n<p>[\/et_pb_blurb][et_pb_blurb title=\u00bbRedacci\u00f3n de Escritos y Solicitudes de Retirada\u00bb use_icon=\u00bbon\u00bb font_icon=\u00bb&#xf5ae;||fa||900&#8243; icon_color=\u00bbgcid-primary-color\u00bb icon_placement=\u00bbleft\u00bb image_icon_width=\u00bb40px\u00bb content_max_width=\u00bb100%\u00bb _builder_version=\u00bb4.24.3&#8243; _module_preset=\u00bb65059203-12d3-44f6-8371-3f5cf61a0475&#8243; header_font=\u00bbBelleza|Belleza_weight|||||||\u00bb header_text_color=\u00bbgcid-heading-color\u00bb header_font_size=\u00bb18px\u00bb header_line_height=\u00bb1.4em\u00bb body_font=\u00bbKarla|Karla_weight|||||||\u00bb body_text_color=\u00bbgcid-body-color\u00bb body_font_size=\u00bb16px\u00bb body_line_height=\u00bb1.75em\u00bb body_link_text_color=\u00bbgcid-primary-color\u00bb animation=\u00bboff\u00bb header_font_size_tablet=\u00bb15px\u00bb header_font_size_phone=\u00bb14px\u00bb header_font_size_last_edited=\u00bbon|phone\u00bb body_font_size_tablet=\u00bb15px\u00bb body_font_size_phone=\u00bb14px\u00bb body_font_size_last_edited=\u00bbon|desktop\u00bb border_radii_image=\u00bbon|6px|6px|6px|6px\u00bb locked=\u00bboff\u00bb global_colors_info=\u00bb{%22gcid-f2943306-fa6c-45f0-b632-5fc00151366a%22:%91%22icon_color%22,%22icon_color%22%93}\u00bb]<\/p>\n<p>Redactamos documentos legales y gestionamos solicitudes para retirar contenido inapropiado o no autorizado que afecte la privacidad de los menores.<\/p>\n<p>[\/et_pb_blurb][et_pb_blurb title=\u00bbAcciones Legales en Defensa del Menor\u00bb use_icon=\u00bbon\u00bb font_icon=\u00bb&#xe012;||divi||400&#8243; icon_color=\u00bbgcid-primary-color\u00bb icon_placement=\u00bbleft\u00bb image_icon_width=\u00bb40px\u00bb content_max_width=\u00bb100%\u00bb _builder_version=\u00bb4.24.3&#8243; _module_preset=\u00bb65059203-12d3-44f6-8371-3f5cf61a0475&#8243; header_font=\u00bbBelleza|Belleza_weight|||||||\u00bb header_text_color=\u00bbgcid-heading-color\u00bb header_font_size=\u00bb18px\u00bb header_line_height=\u00bb1.4em\u00bb body_font=\u00bbKarla|Karla_weight|||||||\u00bb body_text_color=\u00bbgcid-body-color\u00bb body_font_size=\u00bb16px\u00bb body_line_height=\u00bb1.75em\u00bb body_link_text_color=\u00bbgcid-primary-color\u00bb animation=\u00bboff\u00bb header_font_size_tablet=\u00bb15px\u00bb header_font_size_phone=\u00bb14px\u00bb header_font_size_last_edited=\u00bbon|phone\u00bb body_font_size_tablet=\u00bb15px\u00bb body_font_size_phone=\u00bb14px\u00bb body_font_size_last_edited=\u00bbon|desktop\u00bb border_radii_image=\u00bbon|6px|6px|6px|6px\u00bb locked=\u00bboff\u00bb global_colors_info=\u00bb{%22gcid-f2943306-fa6c-45f0-b632-5fc00151366a%22:%91%22icon_color%22,%22icon_color%22%93}\u00bb]<\/p>\n<p>Iniciamos acciones legales para proteger a los menores de cualquier abuso digital, garantizando su bienestar y seguridad en l\u00ednea.<\/p>\n<p>[\/et_pb_blurb][\/et_pb_column][\/et_pb_row][\/et_pb_section][et_pb_section fb_built=\u00bb1&#8243; admin_label=\u00bbText\u00bb _builder_version=\u00bb4.18.0&#8243; _module_preset=\u00bbdefault\u00bb locked=\u00bboff\u00bb collapsed=\u00bbon\u00bb global_colors_info=\u00bb{}\u00bb][et_pb_row _builder_version=\u00bb4.18.0&#8243; _module_preset=\u00bb5138c454-be54-4233-bd3b-f8e6a8747976&#8243; max_width=\u00bb700px\u00bb module_alignment=\u00bbcenter\u00bb global_colors_info=\u00bb{}\u00bb][et_pb_column type=\u00bb4_4&#8243; _builder_version=\u00bb4.16&#8243; _module_preset=\u00bb73121f80-a3ef-4484-8763-c3f18e3c56d2&#8243; global_colors_info=\u00bb{}\u00bb][et_pb_heading title=\u00bbUn Mensaje de Martha\u00bb _builder_version=\u00bb4.24.3&#8243; _module_preset=\u00bbf0c675ea-2574-4d0e-b725-30f8550a8550&#8243; title_level=\u00bbh4&#8243; title_font=\u00bbKarla|Belleza_weight||on|||||\u00bb title_text_color=\u00bbgcid-heading-color\u00bb title_font_size=\u00bb14px\u00bb title_letter_spacing=\u00bb1px\u00bb title_line_height=\u00bb1.4em\u00bb custom_margin=\u00bb||10px||false|false\u00bb title_font_size_tablet=\u00bb13px\u00bb title_font_size_phone=\u00bb13px\u00bb title_font_size_last_edited=\u00bbon|desktop\u00bb locked=\u00bboff\u00bb global_colors_info=\u00bb{}\u00bb][\/et_pb_heading][et_pb_heading title=\u00bbCada Caso es una Vida, No un Expediente\u00bb _builder_version=\u00bb4.24.3&#8243; _module_preset=\u00bb8c21dae4-c59d-4c2b-958c-0e045c7f06d6&#8243; title_level=\u00bbh4&#8243; title_font=\u00bbBelleza|Belleza_weight|||||||\u00bb title_text_color=\u00bbgcid-heading-color\u00bb title_font_size=\u00bb24px\u00bb title_line_height=\u00bb1.4em\u00bb custom_margin=\u00bb||10px||false|false\u00bb title_font_size_tablet=\u00bb18px\u00bb title_font_size_phone=\u00bb15px\u00bb title_font_size_last_edited=\u00bbon|desktop\u00bb locked=\u00bboff\u00bb global_colors_info=\u00bb{}\u00bb][\/et_pb_heading][et_pb_text quote_border_color=\u00bbgcid-secondary-color\u00bb _builder_version=\u00bb4.24.3&#8243; _module_preset=\u00bb2c55a9c4-feed-423b-9edb-ae0b5b365cac\u00bb text_font=\u00bbKarla|Karla_weight|||||||\u00bb text_text_color=\u00bbgcid-body-color\u00bb text_font_size=\u00bb16px\u00bb text_line_height=\u00bb1.75em\u00bb link_font=\u00bb|Karla_weight|||||||\u00bb link_text_color=\u00bbgcid-primary-color\u00bb quote_font=\u00bbBelleza|Belleza_weight|||||||\u00bb quote_text_color=\u00bbgcid-heading-color\u00bb header_font=\u00bbBelleza|Belleza_weight|||||||\u00bb header_text_color=\u00bbgcid-heading-color\u00bb header_font_size=\u00bb72px\u00bb header_line_height=\u00bb1.15em\u00bb header_2_font=\u00bbBelleza|Belleza_weight|||||||\u00bb header_2_text_color=\u00bbgcid-heading-color\u00bb header_2_font_size=\u00bb50px\u00bb header_2_line_height=\u00bb1.2em\u00bb header_3_font=\u00bbBelleza|Belleza_weight|||||||\u00bb header_3_text_color=\u00bbgcid-heading-color\u00bb header_3_font_size=\u00bb32px\u00bb header_3_line_height=\u00bb1.3em\u00bb header_4_font=\u00bbBelleza|Belleza_weight|||||||\u00bb header_4_text_color=\u00bbgcid-heading-color\u00bb header_4_font_size=\u00bb24px\u00bb header_4_line_height=\u00bb1.4em\u00bb header_5_font=\u00bbBelleza|Belleza_weight|||||||\u00bb header_5_text_color=\u00bbgcid-heading-color\u00bb header_5_font_size=\u00bb18px\u00bb header_5_line_height=\u00bb1.4em\u00bb header_6_font=\u00bbBelleza|Belleza_weight|||||||\u00bb header_6_text_color=\u00bbgcid-heading-color\u00bb header_6_line_height=\u00bb1.5em\u00bb custom_margin=\u00bb||||false|false\u00bb text_font_size_tablet=\u00bb15px\u00bb text_font_size_phone=\u00bb14px\u00bb text_font_size_last_edited=\u00bbon|phone\u00bb header_font_size_tablet=\u00bb40px\u00bb header_font_size_phone=\u00bb24px\u00bb header_font_size_last_edited=\u00bbon|desktop\u00bb header_2_font_size_tablet=\u00bb28px\u00bb header_2_font_size_phone=\u00bb20px\u00bb header_2_font_size_last_edited=\u00bbon|phone\u00bb header_3_font_size_tablet=\u00bb22px\u00bb header_3_font_size_phone=\u00bb17px\u00bb header_3_font_size_last_edited=\u00bbon|phone\u00bb header_4_font_size_tablet=\u00bb18px\u00bb header_4_font_size_phone=\u00bb15px\u00bb header_4_font_size_last_edited=\u00bbon|tablet\u00bb header_5_font_size_tablet=\u00bb15px\u00bb header_5_font_size_phone=\u00bb14px\u00bb header_5_font_size_last_edited=\u00bbon|desktop\u00bb header_6_font_size_tablet=\u00bb13px\u00bb header_6_font_size_phone=\u00bb13px\u00bb header_6_font_size_last_edited=\u00bbon|desktop\u00bb locked=\u00bboff\u00bb global_colors_info=\u00bb{%22gcid-primary-color%22:%91%22link_text_color%22%93,%22gcid-heading-color%22:%91%22header_text_color%22,%22header_4_text_color%22,%22header_3_text_color%22,%22header_2_text_color%22,%22header_5_text_color%22,%22header_6_text_color%22%93,%22gcid-body-color%22:%91%22text_text_color%22%93,%22gcid-secondary-color%22:%91%22quote_border_color%22%93,%22gcid-36fd78a7-34bc-404d-873c-dafa34efaae5%22:%91%22icon_color%22,%22icon_color%22%93}\u00bb body_font_size_tablet=\u00bb15px\u00bb body_font_size_phone=\u00bb14px\u00bb body_font_size_last_edited=\u00bbon|desktop\u00bb]<\/p>\n<p>Te acompa\u00f1o con claridad, \u00e9tica y empat\u00eda para proteger lo que m\u00e1s importa: la infancia. Cada situaci\u00f3n es \u00fanica y merece un enfoque personalizado que respete la dignidad y los derechos de los ni\u00f1os.<\/p>\n<p>[\/et_pb_text][\/et_pb_column][\/et_pb_row][\/et_pb_section][et_pb_section fb_built=\u00bb1&#8243; admin_label=\u00bbCall to Action\u00bb _builder_version=\u00bb4.24.2&#8243; _module_preset=\u00bbdefault\u00bb background_color=\u00bbgcid-primary-color\u00bb use_background_color_gradient=\u00bbon\u00bb background_color_gradient_direction=\u00bb65deg\u00bb background_color_gradient_stops=\u00bb#000000 0%|rgba(255,255,255,0) 100%\u00bb background_color_gradient_overlays_image=\u00bbon\u00bb background_enable_image=\u00bboff\u00bb custom_padding=\u00bb5vw||5vw||true|false\u00bb locked=\u00bboff\u00bb collapsed=\u00bbon\u00bb global_colors_info=\u00bb{%22gcid-primary-color%22:%91%22background_color%22%93}\u00bb][et_pb_row _builder_version=\u00bb4.18.0&#8243; _module_preset=\u00bb5138c454-be54-4233-bd3b-f8e6a8747976&#8243; global_colors_info=\u00bb{}\u00bb][et_pb_column type=\u00bb4_4&#8243; _builder_version=\u00bb4.18.0&#8243; _module_preset=\u00bb73121f80-a3ef-4484-8763-c3f18e3c56d2&#8243; global_colors_info=\u00bb{}\u00bb][et_pb_cta title=\u00bbProtege la Infancia Digital\u00bb button_url=\u00bb@ET-DC@eyJkeW5hbWljIjp0cnVlLCJjb250ZW50IjoicG9zdF9saW5rX3VybF9wYWdlIiwic2V0dGluZ3MiOnsicG9zdF9pZCI6IjI4MyJ9fQ==@\u00bb button_text=\u00bbAgendar Consulta\u00bb _builder_version=\u00bb4.27.4&#8243; _dynamic_attributes=\u00bbbutton_url\u00bb _module_preset=\u00bb4c2ad5d0-871e-414e-a4be-aa9134d4ae8e\u00bb header_font=\u00bbBelleza|Belleza_weight|||||||\u00bb header_text_color=\u00bbgcid-heading-color\u00bb header_font_size=\u00bb50px\u00bb header_line_height=\u00bb1.2em\u00bb body_font=\u00bbKarla||||||||\u00bb body_text_color=\u00bbgcid-body-color\u00bb body_font_size=\u00bb18px\u00bb body_line_height=\u00bb1.75em\u00bb background_color=\u00bb#FFFFFF\u00bb custom_button=\u00bbon\u00bb button_text_size=\u00bb14px\u00bb button_text_color=\u00bbgcid-d25112c0-7b42-46ff-8371-eb895a856019&#8243; button_bg_color=\u00bbgcid-body-color\u00bb button_border_width=\u00bb0px\u00bb button_border_radius=\u00bb15px\u00bb button_letter_spacing=\u00bb2px\u00bb button_font=\u00bbKarla|700|||||||\u00bb button_custom_padding=\u00bb12px|24px|12px|24px|true|true\u00bb background_layout=\u00bblight\u00bb custom_padding=\u00bb60px|60px|60px|60px|true|true\u00bb custom_padding_tablet=\u00bb30px|30px|30px|30px|true|true\u00bb custom_padding_phone=\u00bb20px|20px|20px|20px|true|true\u00bb custom_padding_last_edited=\u00bbon|desktop\u00bb header_font_size_tablet=\u00bb28px\u00bb header_font_size_phone=\u00bb20px\u00bb header_font_size_last_edited=\u00bbon|phone\u00bb body_font_size_tablet=\u00bb16px\u00bb body_font_size_phone=\u00bb14px\u00bb body_font_size_last_edited=\u00bbon|phone\u00bb border_radii=\u00bbon|6px|6px|6px|6px\u00bb box_shadow_style=\u00bbpreset3&#8243; box_shadow_vertical=\u00bb24px\u00bb box_shadow_blur=\u00bb72px\u00bb box_shadow_spread=\u00bb-12px\u00bb box_shadow_color=\u00bbrgba(0,0,0,0.12)\u00bb locked=\u00bboff\u00bb global_colors_info=\u00bb{%22gcid-36fd78a7-34bc-404d-873c-dafa34efaae5%22:%91%22color%22,%22background_color%22%93,%22gcid-7cadd8b3-5228-48e4-90c4-212d09232f7b%22:%91%22color%22,%22color%22,%22color%22,%22color%22%93,%22gcid-f113ad93-2527-46d7-862b-fc71181c6b5e%22:%91%22border_color_all%22,%22border_color_all%22%93,%22gcid-d25112c0-7b42-46ff-8371-eb895a856019%22:%91%22button_text_color%22%93,%22gcid-body-color%22:%91%22button_bg_color%22%93}\u00bb text_font_size_tablet=\u00bb16px\u00bb text_font_size_phone=\u00bb14px\u00bb text_font_size_last_edited=\u00bbon|phone\u00bb]<\/p>\n<p>Si est\u00e1s viviendo una situaci\u00f3n que te preocupa o deseas promover la protecci\u00f3n digital de la infancia, agenda tu consulta o escr\u00edbeme directamente. Estoy aqu\u00ed para ayudarte a proteger lo que m\u00e1s importa.<\/p>\n<p>[\/et_pb_cta][\/et_pb_column][\/et_pb_row][\/et_pb_section]<\/p>\n","protected":false},"excerpt":{"rendered":"<p>Derechos digitales de la infanciaEn un mundo cada vez m\u00e1s digital, la protecci\u00f3n de la infancia se extiende al \u00e1mbito virtual. Aseg\u00farate de que sus derechos digitales est\u00e9n salvaguardados desde el principio.Los ni\u00f1os de hoy en d\u00eda est\u00e1n expuestos a la tecnolog\u00eda desde edades muy tempranas, lo que plantea nuevos desaf\u00edos para proteger su privacidad. [&hellip;]<\/p>\n","protected":false},"author":1,"featured_media":0,"parent":0,"menu_order":0,"comment_status":"closed","ping_status":"closed","template":"","meta":{"_et_pb_use_builder":"on","_et_pb_old_content":"","_et_gb_content_width":"","footnotes":""},"class_list":["post-182","page","type-page","status-publish","hentry"],"yoast_head":"<!-- This site is optimized with the Yoast SEO plugin v27.0 - https:\/\/yoast.com\/product\/yoast-seo-wordpress\/ -->\n<title>Derechos digitales de la infancia - Abogada Martha Hern\u00e1ndez<\/title>\n<meta name=\"robots\" content=\"index, follow, max-snippet:-1, max-image-preview:large, max-video-preview:-1\" \/>\n<link rel=\"canonical\" href=\"https:\/\/marthahernandezabogada.com\/?page_id=182\" \/>\n<meta property=\"og:locale\" content=\"es_ES\" \/>\n<meta property=\"og:type\" content=\"article\" \/>\n<meta property=\"og:title\" content=\"Derechos digitales de la infancia - Abogada Martha Hern\u00e1ndez\" \/>\n<meta property=\"og:description\" content=\"Derechos digitales de la infanciaEn un mundo cada vez m\u00e1s digital, la protecci\u00f3n de la infancia se extiende al \u00e1mbito virtual. Aseg\u00farate de que sus derechos digitales est\u00e9n salvaguardados desde el principio.Los ni\u00f1os de hoy en d\u00eda est\u00e1n expuestos a la tecnolog\u00eda desde edades muy tempranas, lo que plantea nuevos desaf\u00edos para proteger su privacidad. [&hellip;]\" \/>\n<meta property=\"og:url\" content=\"https:\/\/marthahernandezabogada.com\/?page_id=182\" \/>\n<meta property=\"og:site_name\" content=\"Abogada Martha Hern\u00e1ndez\" \/>\n<meta property=\"article:modified_time\" content=\"2025-11-04T21:37:21+00:00\" \/>\n<meta name=\"twitter:card\" content=\"summary_large_image\" \/>\n<meta name=\"twitter:label1\" content=\"Tiempo de lectura\" \/>\n\t<meta name=\"twitter:data1\" content=\"30 minutos\" \/>\n<script type=\"application\/ld+json\" class=\"yoast-schema-graph\">{\"@context\":\"https:\/\/schema.org\",\"@graph\":[{\"@type\":\"WebPage\",\"@id\":\"https:\/\/marthahernandezabogada.com\/?page_id=182\",\"url\":\"https:\/\/marthahernandezabogada.com\/?page_id=182\",\"name\":\"Derechos digitales de la infancia - Abogada Martha Hern\u00e1ndez\",\"isPartOf\":{\"@id\":\"https:\/\/marthahernandezabogada.com\/#website\"},\"datePublished\":\"2025-10-24T13:50:14+00:00\",\"dateModified\":\"2025-11-04T21:37:21+00:00\",\"breadcrumb\":{\"@id\":\"https:\/\/marthahernandezabogada.com\/?page_id=182#breadcrumb\"},\"inLanguage\":\"es\",\"potentialAction\":[{\"@type\":\"ReadAction\",\"target\":[\"https:\/\/marthahernandezabogada.com\/?page_id=182\"]}]},{\"@type\":\"BreadcrumbList\",\"@id\":\"https:\/\/marthahernandezabogada.com\/?page_id=182#breadcrumb\",\"itemListElement\":[{\"@type\":\"ListItem\",\"position\":1,\"name\":\"Portada\",\"item\":\"https:\/\/marthahernandezabogada.com\/\"},{\"@type\":\"ListItem\",\"position\":2,\"name\":\"Derechos digitales de la infancia\"}]},{\"@type\":\"WebSite\",\"@id\":\"https:\/\/marthahernandezabogada.com\/#website\",\"url\":\"https:\/\/marthahernandezabogada.com\/\",\"name\":\"Abogada Martha Hern\u00e1ndez\",\"description\":\"Abogada experta en Derechos Humanos, Extranjer\u00eda e infancia\",\"potentialAction\":[{\"@type\":\"SearchAction\",\"target\":{\"@type\":\"EntryPoint\",\"urlTemplate\":\"https:\/\/marthahernandezabogada.com\/?s={search_term_string}\"},\"query-input\":{\"@type\":\"PropertyValueSpecification\",\"valueRequired\":true,\"valueName\":\"search_term_string\"}}],\"inLanguage\":\"es\"}]}<\/script>\n<!-- \/ Yoast SEO plugin. -->","yoast_head_json":{"title":"Derechos digitales de la infancia - Abogada Martha Hern\u00e1ndez","robots":{"index":"index","follow":"follow","max-snippet":"max-snippet:-1","max-image-preview":"max-image-preview:large","max-video-preview":"max-video-preview:-1"},"canonical":"https:\/\/marthahernandezabogada.com\/?page_id=182","og_locale":"es_ES","og_type":"article","og_title":"Derechos digitales de la infancia - Abogada Martha Hern\u00e1ndez","og_description":"Derechos digitales de la infanciaEn un mundo cada vez m\u00e1s digital, la protecci\u00f3n de la infancia se extiende al \u00e1mbito virtual. Aseg\u00farate de que sus derechos digitales est\u00e9n salvaguardados desde el principio.Los ni\u00f1os de hoy en d\u00eda est\u00e1n expuestos a la tecnolog\u00eda desde edades muy tempranas, lo que plantea nuevos desaf\u00edos para proteger su privacidad. [&hellip;]","og_url":"https:\/\/marthahernandezabogada.com\/?page_id=182","og_site_name":"Abogada Martha Hern\u00e1ndez","article_modified_time":"2025-11-04T21:37:21+00:00","twitter_card":"summary_large_image","twitter_misc":{"Tiempo de lectura":"30 minutos"},"schema":{"@context":"https:\/\/schema.org","@graph":[{"@type":"WebPage","@id":"https:\/\/marthahernandezabogada.com\/?page_id=182","url":"https:\/\/marthahernandezabogada.com\/?page_id=182","name":"Derechos digitales de la infancia - Abogada Martha Hern\u00e1ndez","isPartOf":{"@id":"https:\/\/marthahernandezabogada.com\/#website"},"datePublished":"2025-10-24T13:50:14+00:00","dateModified":"2025-11-04T21:37:21+00:00","breadcrumb":{"@id":"https:\/\/marthahernandezabogada.com\/?page_id=182#breadcrumb"},"inLanguage":"es","potentialAction":[{"@type":"ReadAction","target":["https:\/\/marthahernandezabogada.com\/?page_id=182"]}]},{"@type":"BreadcrumbList","@id":"https:\/\/marthahernandezabogada.com\/?page_id=182#breadcrumb","itemListElement":[{"@type":"ListItem","position":1,"name":"Portada","item":"https:\/\/marthahernandezabogada.com\/"},{"@type":"ListItem","position":2,"name":"Derechos digitales de la infancia"}]},{"@type":"WebSite","@id":"https:\/\/marthahernandezabogada.com\/#website","url":"https:\/\/marthahernandezabogada.com\/","name":"Abogada Martha Hern\u00e1ndez","description":"Abogada experta en Derechos Humanos, Extranjer\u00eda e infancia","potentialAction":[{"@type":"SearchAction","target":{"@type":"EntryPoint","urlTemplate":"https:\/\/marthahernandezabogada.com\/?s={search_term_string}"},"query-input":{"@type":"PropertyValueSpecification","valueRequired":true,"valueName":"search_term_string"}}],"inLanguage":"es"}]}},"_links":{"self":[{"href":"https:\/\/marthahernandezabogada.com\/index.php?rest_route=\/wp\/v2\/pages\/182","targetHints":{"allow":["GET"]}}],"collection":[{"href":"https:\/\/marthahernandezabogada.com\/index.php?rest_route=\/wp\/v2\/pages"}],"about":[{"href":"https:\/\/marthahernandezabogada.com\/index.php?rest_route=\/wp\/v2\/types\/page"}],"author":[{"embeddable":true,"href":"https:\/\/marthahernandezabogada.com\/index.php?rest_route=\/wp\/v2\/users\/1"}],"replies":[{"embeddable":true,"href":"https:\/\/marthahernandezabogada.com\/index.php?rest_route=%2Fwp%2Fv2%2Fcomments&post=182"}],"version-history":[{"count":10,"href":"https:\/\/marthahernandezabogada.com\/index.php?rest_route=\/wp\/v2\/pages\/182\/revisions"}],"predecessor-version":[{"id":490,"href":"https:\/\/marthahernandezabogada.com\/index.php?rest_route=\/wp\/v2\/pages\/182\/revisions\/490"}],"wp:attachment":[{"href":"https:\/\/marthahernandezabogada.com\/index.php?rest_route=%2Fwp%2Fv2%2Fmedia&parent=182"}],"curies":[{"name":"wp","href":"https:\/\/api.w.org\/{rel}","templated":true}]}}