{"id":343,"date":"2025-10-29T21:30:58","date_gmt":"2025-10-29T21:30:58","guid":{"rendered":"https:\/\/marthahernandezabogada.com\/?page_id=343"},"modified":"2025-11-04T21:35:39","modified_gmt":"2025-11-04T21:35:39","slug":"ddhh","status":"publish","type":"page","link":"https:\/\/marthahernandezabogada.com\/?page_id=343","title":{"rendered":"DDHH"},"content":{"rendered":"<p>[et_pb_section fb_built=\u00bb1&#8243; admin_label=\u00bbHeader\u00bb _builder_version=\u00bb4.27.4&#8243; _module_preset=\u00bbdefault\u00bb background_image=\u00bbhttps:\/\/marthahernandezabogada.com\/wp-content\/uploads\/2025\/10\/Diseno-sin-titulo-4.png\u00bb background_color_gradient_direction_tablet=\u00bb0deg\u00bb locked=\u00bboff\u00bb collapsed=\u00bbon\u00bb global_colors_info=\u00bb{}\u00bb][et_pb_row column_structure=\u00bb3_5,2_5&#8243; _builder_version=\u00bb4.20.0&#8243; _module_preset=\u00bbdefault\u00bb global_colors_info=\u00bb{}\u00bb][et_pb_column type=\u00bb3_5&#8243; _builder_version=\u00bb4.20.0&#8243; _module_preset=\u00bbdefault\u00bb global_colors_info=\u00bb{}\u00bb][et_pb_text _builder_version=\u00bb4.20.0&#8243; _module_preset=\u00bb76856e64-2d10-4990-9ea2-f4d1f582ee01&#8243; global_colors_info=\u00bb{}\u00bb][\/et_pb_text][et_pb_text _builder_version=\u00bb4.27.4&#8243; _module_preset=\u00bbdd9dfe65-aec4-448e-b7a7-c57890809db6&#8243; text_text_color=\u00bbgcid-heading-color\u00bb header_text_color=\u00bbgcid-heading-color\u00bb header_font_size=\u00bb53px\u00bb max_width=\u00bb100%\u00bb global_colors_info=\u00bb{%22gcid-heading-color%22:%91%22text_text_color%22,%22header_text_color%22%93}\u00bb]<\/p>\n<h1>DERECHOS HUMANOS, LITIGIO E INVESTIGACI\u00d3N JUR\u00cdDICA<\/h1>\n<p>[\/et_pb_text][\/et_pb_column][et_pb_column type=\u00bb2_5&#8243; _builder_version=\u00bb4.20.0&#8243; _module_preset=\u00bbdefault\u00bb global_colors_info=\u00bb{}\u00bb][\/et_pb_column][\/et_pb_row][et_pb_row column_structure=\u00bb2_3,1_3&#8243; _builder_version=\u00bb4.20.0&#8243; _module_preset=\u00bbdefault\u00bb global_colors_info=\u00bb{}\u00bb][et_pb_column type=\u00bb2_3&#8243; _builder_version=\u00bb4.20.0&#8243; _module_preset=\u00bbdefault\u00bb global_colors_info=\u00bb{}\u00bb][et_pb_text _builder_version=\u00bb4.27.4&#8243; _module_preset=\u00bb6dc3b457-6859-4f61-bc93-5aa5d04e988f\u00bb text_text_color=\u00bbgcid-body-color\u00bb text_font_size=\u00bb23px\u00bb header_text_color=\u00bbgcid-body-color\u00bb global_colors_info=\u00bb{%22gcid-body-color%22:%91%22header_text_color%22,%22text_text_color%22%93}\u00bb]<\/p>\n<p>Porque la justicia tambi\u00e9n se construye desde la evidencia, el conocimiento y la empat\u00eda.<\/p>\n<p>[\/et_pb_text][et_pb_button button_url=\u00bb@ET-DC@eyJkeW5hbWljIjp0cnVlLCJjb250ZW50IjoicG9zdF9saW5rX3VybF9wYWdlIiwic2V0dGluZ3MiOnsicG9zdF9pZCI6IjI4MyJ9fQ==@\u00bb button_text=\u00bbAgenda tu consulta\u00bb _builder_version=\u00bb4.27.4&#8243; _dynamic_attributes=\u00bbbutton_url\u00bb _module_preset=\u00bbf05ced8f-d239-4042-86f0-04bca6ce0328&#8243; button_bg_color=\u00bbgcid-primary-color\u00bb button_border_color=\u00bbgcid-d25112c0-7b42-46ff-8371-eb895a856019&#8243; button_border_radius=\u00bb15px\u00bb button_letter_spacing=\u00bb2px\u00bb global_colors_info=\u00bb{%22gcid-d25112c0-7b42-46ff-8371-eb895a856019%22:%91%22button_border_color%22%93,%22gcid-primary-color%22:%91%22button_bg_color%22%93}\u00bb][\/et_pb_button][\/et_pb_column][et_pb_column type=\u00bb1_3&#8243; _builder_version=\u00bb4.20.0&#8243; _module_preset=\u00bbdefault\u00bb global_colors_info=\u00bb{}\u00bb][\/et_pb_column][\/et_pb_row][\/et_pb_section][et_pb_section fb_built=\u00bb1&#8243; admin_label=\u00bbSubscribe\u00bb _builder_version=\u00bb4.27.4&#8243; _module_preset=\u00bbdefault\u00bb use_background_color_gradient=\u00bbon\u00bb background_color_gradient_direction=\u00bb90deg\u00bb background_color_gradient_stops=\u00bbrgba(249,246,241,0.7) 0%|rgba(249,246,241,0.7) 100%\u00bb background_color_gradient_overlays_image=\u00bbon\u00bb background_image=\u00bbhttps:\/\/marthahernandezabogada.com\/wp-content\/uploads\/2025\/10\/coaching-13.jpg\u00bb saved_tabs=\u00bball\u00bb collapsed=\u00bbon\u00bb global_colors_info=\u00bb{}\u00bb][et_pb_row column_structure=\u00bb3_5,2_5&#8243; _builder_version=\u00bb4.27.4&#8243; _module_preset=\u00bbdefault\u00bb width=\u00bb90%\u00bb max_width=\u00bb2560px\u00bb global_colors_info=\u00bb{}\u00bb][et_pb_column type=\u00bb3_5&#8243; _builder_version=\u00bb4.20.0&#8243; _module_preset=\u00bbdefault\u00bb global_colors_info=\u00bb{}\u00bb][et_pb_text _builder_version=\u00bb4.27.4&#8243; _module_preset=\u00bb6dc3b457-6859-4f61-bc93-5aa5d04e988f\u00bb text_text_color=\u00bbgcid-heading-color\u00bb text_font_size=\u00bb19px\u00bb text_orientation=\u00bbcenter\u00bb custom_padding=\u00bb8px||0px|0px||\u00bb global_colors_info=\u00bb{%22gcid-heading-color%22:%91%22text_text_color%22%93}\u00bb]<\/p>\n<p>Trabajamos por la defensa de la dignidad humana m\u00e1s all\u00e1 de los casos individuales.<br data-start=\"2096\" data-end=\"2099\" \/>Acompa\u00f1amos a organizaciones, universidades y proyectos internacionales en la construcci\u00f3n de estrategias jur\u00eddicas que promuevan justicia, reparaci\u00f3n y derechos fundamentales.<br data-start=\"2277\" data-end=\"2280\" \/>Nuestra labor combina la pr\u00e1ctica jur\u00eddica, la investigaci\u00f3n y la incidencia social para generar impacto real en temas de migraci\u00f3n, infancia y derechos digitales.<\/p>\n<p>[\/et_pb_text][\/et_pb_column][et_pb_column type=\u00bb2_5&#8243; _builder_version=\u00bb4.20.0&#8243; _module_preset=\u00bbdefault\u00bb global_colors_info=\u00bb{}\u00bb][\/et_pb_column][\/et_pb_row][\/et_pb_section][et_pb_section fb_built=\u00bb1&#8243; admin_label=\u00bbServices\u00bb _builder_version=\u00bb4.27.4&#8243; _module_preset=\u00bbdefault\u00bb background_color=\u00bbgcid-d25112c0-7b42-46ff-8371-eb895a856019&#8243; collapsed=\u00bbon\u00bb global_colors_info=\u00bb{%22gcid-d25112c0-7b42-46ff-8371-eb895a856019%22:%91%22background_color%22%93}\u00bb][et_pb_row column_structure=\u00bb1_2,1_2&#8243; _builder_version=\u00bb4.20.0&#8243; _module_preset=\u00bbdefault\u00bb global_colors_info=\u00bb{}\u00bb][et_pb_column type=\u00bb1_2&#8243; _builder_version=\u00bb4.20.0&#8243; _module_preset=\u00bbdefault\u00bb global_colors_info=\u00bb{}\u00bb][et_pb_blurb title=\u00bbLitigio Estrat\u00e9gico\u00bb use_icon=\u00bbon\u00bb font_icon=\u00bb&#xf24e;||fa||900&#8243; icon_color=\u00bbgcid-primary-color\u00bb _builder_version=\u00bb4.27.4&#8243; _module_preset=\u00bb9cf05df1-c79e-4f0a-87fa-6239a0d786da\u00bb header_text_color=\u00bbgcid-heading-color\u00bb body_text_color=\u00bbgcid-body-color\u00bb custom_padding=\u00bb||20px||false|false\u00bb border_color_all=\u00bbgcid-803cbec3-ce51-4865-83f1-75b1ba8d83fc\u00bb border_width_bottom=\u00bb1px\u00bb locked=\u00bboff\u00bb global_colors_info=\u00bb{%22gcid-606d042f-c90f-4ea6-97e7-7b08f1ba25f6%22:%91%22header_4_text_color%22,%22header_2_text_color%22,%22header_text_color__hover%22,%22icon_color%22,%22header_4_text_color%22,%22header_2_text_color%22,%22header_text_color__hover%22,%22icon_color%22,%22header_4_text_color%22,%22header_2_text_color%22,%22header_text_color__hover%22,%22header_4_text_color%22,%22header_2_text_color%22,%22header_4_text_color%22,%22header_2_text_color%22,%22header_4_text_color%22,%22header_2_text_color%22,%22header_4_text_color%22,%22header_2_text_color%22,%22header_4_text_color%22,%22header_2_text_color%22%93,%22gcid-7a02f245-10cf-4ba2-ac73-385345b5f54a%22:%91%22header_text_color%22%93,%22gcid-803cbec3-ce51-4865-83f1-75b1ba8d83fc%22:%91%22border_color_all%22%93,%22gcid-primary-color%22:%91%22icon_color%22%93,%22gcid-heading-color%22:%91%22header_text_color%22%93,%22gcid-body-color%22:%91%22body_text_color%22%93}\u00bb header_text_color__hover=\u00bb#C2BEAA\u00bb header_text_color__hover_enabled=\u00bbon|desktop\u00bb transform_styles__hover_enabled=\u00bbon|desktop\u00bb transform_scale__hover_enabled=\u00bbon|desktop\u00bb transform_translate__hover_enabled=\u00bbon|desktop\u00bb transform_rotate__hover_enabled=\u00bbon|desktop\u00bb transform_skew__hover_enabled=\u00bbon|desktop\u00bb transform_origin__hover_enabled=\u00bbon|desktop\u00bb transform_scale__hover=\u00bb102%|102%\u00bb]<\/p>\n<p>Acompa\u00f1amos causas en materia de derechos humanos, migraci\u00f3n e infancia con una estrategia legal s\u00f3lida y \u00e9tica.<\/p>\n<p>[\/et_pb_blurb][et_pb_blurb title=\u00bbInvestigaci\u00f3n Jur\u00eddica\u00bb use_icon=\u00bbon\u00bb font_icon=\u00bb&#xe101;||divi||400&#8243; icon_color=\u00bbgcid-primary-color\u00bb _builder_version=\u00bb4.27.4&#8243; _module_preset=\u00bb9cf05df1-c79e-4f0a-87fa-6239a0d786da\u00bb header_text_color=\u00bbgcid-heading-color\u00bb body_text_color=\u00bbgcid-body-color\u00bb custom_padding=\u00bb||20px||false|false\u00bb border_color_all=\u00bbgcid-803cbec3-ce51-4865-83f1-75b1ba8d83fc\u00bb border_width_bottom=\u00bb1px\u00bb locked=\u00bboff\u00bb global_colors_info=\u00bb{%22gcid-606d042f-c90f-4ea6-97e7-7b08f1ba25f6%22:%91%22header_4_text_color%22,%22header_2_text_color%22,%22header_text_color__hover%22,%22icon_color%22,%22header_4_text_color%22,%22header_2_text_color%22,%22header_text_color__hover%22,%22icon_color%22,%22header_4_text_color%22,%22header_2_text_color%22,%22header_text_color__hover%22,%22header_4_text_color%22,%22header_2_text_color%22,%22header_4_text_color%22,%22header_2_text_color%22,%22header_text_color__hover%22%93,%22gcid-7a02f245-10cf-4ba2-ac73-385345b5f54a%22:%91%22header_text_color%22%93,%22gcid-803cbec3-ce51-4865-83f1-75b1ba8d83fc%22:%91%22border_color_all%22%93,%22gcid-primary-color%22:%91%22icon_color%22%93,%22gcid-heading-color%22:%91%22header_text_color%22%93,%22gcid-body-color%22:%91%22body_text_color%22%93}\u00bb header_text_color__hover=\u00bb#C2BEAA\u00bb transform_styles__hover_enabled=\u00bbon|hover\u00bb transform_scale__hover_enabled=\u00bbon|hover\u00bb transform_translate__hover_enabled=\u00bbon|desktop\u00bb transform_rotate__hover_enabled=\u00bbon|desktop\u00bb transform_skew__hover_enabled=\u00bbon|desktop\u00bb transform_origin__hover_enabled=\u00bbon|desktop\u00bb transform_scale__hover=\u00bb102%|102%\u00bb]<\/p>\n<p>Desarrollamos estudios y reportes que fortalecen la comprensi\u00f3n y protecci\u00f3n de los derechos fundamentales.<\/p>\n<p>[\/et_pb_blurb][et_pb_blurb title=\u00bbMapeos Normativos\u00bb use_icon=\u00bbon\u00bb font_icon=\u00bb&#xe01f;||divi||400&#8243; icon_color=\u00bbgcid-primary-color\u00bb _builder_version=\u00bb4.27.4&#8243; _module_preset=\u00bb9cf05df1-c79e-4f0a-87fa-6239a0d786da\u00bb header_text_color=\u00bbgcid-heading-color\u00bb custom_padding=\u00bb||20px||false|false\u00bb border_color_all=\u00bbgcid-803cbec3-ce51-4865-83f1-75b1ba8d83fc\u00bb border_width_bottom=\u00bb1px\u00bb locked=\u00bboff\u00bb global_colors_info=\u00bb{%22gcid-606d042f-c90f-4ea6-97e7-7b08f1ba25f6%22:%91%22header_4_text_color%22,%22header_2_text_color%22,%22header_text_color__hover%22,%22icon_color%22,%22header_4_text_color%22,%22header_2_text_color%22,%22header_text_color__hover%22,%22header_4_text_color%22,%22header_2_text_color%22,%22header_4_text_color%22,%22header_2_text_color%22,%22header_text_color__hover%22,%22header_4_text_color%22,%22header_2_text_color%22,%22header_4_text_color%22,%22header_2_text_color%22,%22header_text_color__hover%22%93,%22gcid-803cbec3-ce51-4865-83f1-75b1ba8d83fc%22:%91%22border_color_all%22,%22border_color_all%22%93,%22gcid-primary-color%22:%91%22icon_color%22%93,%22gcid-heading-color%22:%91%22header_text_color%22%93}\u00bb header_text_color__hover=\u00bb#C2BEAA\u00bb transform_styles__hover_enabled=\u00bbon|hover\u00bb transform_scale__hover=\u00bb102%|102%\u00bb transform_scale__hover_enabled=\u00bbon|hover\u00bb transform_translate__hover_enabled=\u00bbon|desktop\u00bb transform_rotate__hover_enabled=\u00bbon|desktop\u00bb transform_skew__hover_enabled=\u00bbon|desktop\u00bb transform_origin__hover_enabled=\u00bbon|desktop\u00bb]<\/p>\n<p>Analizamos marcos legales y su aplicaci\u00f3n para promover acceso a la justicia y gobernanza migratoria.<\/p>\n<p>[\/et_pb_blurb][\/et_pb_column][et_pb_column type=\u00bb1_2&#8243; _builder_version=\u00bb4.20.0&#8243; _module_preset=\u00bbdefault\u00bb global_colors_info=\u00bb{}\u00bb][et_pb_blurb title=\u00bbAsesor\u00eda a ONGs e Instituciones\u00bb use_icon=\u00bbon\u00bb font_icon=\u00bb&#xf184;||fa||400&#8243; icon_color=\u00bbgcid-primary-color\u00bb _builder_version=\u00bb4.27.4&#8243; _module_preset=\u00bb9cf05df1-c79e-4f0a-87fa-6239a0d786da\u00bb header_text_color=\u00bbgcid-heading-color\u00bb custom_padding=\u00bb||20px||false|false\u00bb border_color_all=\u00bbgcid-803cbec3-ce51-4865-83f1-75b1ba8d83fc\u00bb border_width_bottom=\u00bb1px\u00bb locked=\u00bboff\u00bb global_colors_info=\u00bb{%22gcid-606d042f-c90f-4ea6-97e7-7b08f1ba25f6%22:%91%22header_4_text_color%22,%22header_2_text_color%22,%22header_text_color__hover%22,%22icon_color%22,%22header_4_text_color%22,%22header_2_text_color%22,%22header_text_color__hover%22,%22header_4_text_color%22,%22header_2_text_color%22,%22header_4_text_color%22,%22header_2_text_color%22,%22header_text_color__hover%22,%22header_4_text_color%22,%22header_2_text_color%22,%22header_4_text_color%22,%22header_2_text_color%22,%22header_text_color__hover%22%93,%22gcid-803cbec3-ce51-4865-83f1-75b1ba8d83fc%22:%91%22border_color_all%22,%22border_color_all%22%93,%22gcid-primary-color%22:%91%22icon_color%22%93,%22gcid-heading-color%22:%91%22header_text_color%22%93}\u00bb header_text_color__hover=\u00bb#C2BEAA\u00bb transform_styles__hover_enabled=\u00bbon|hover\u00bb transform_scale__hover=\u00bb102%|102%\u00bb transform_scale__hover_enabled=\u00bbon|hover\u00bb transform_translate__hover_enabled=\u00bbon|desktop\u00bb transform_rotate__hover_enabled=\u00bbon|desktop\u00bb transform_skew__hover_enabled=\u00bbon|desktop\u00bb transform_origin__hover_enabled=\u00bbon|desktop\u00bb]<\/p>\n<p>Dise\u00f1amos estrategias, protocolos y capacitaciones en derechos humanos con enfoque participativo.<\/p>\n<p>[\/et_pb_blurb][et_pb_blurb title=\u00bbFormaci\u00f3n y Sensibilizaci\u00f3n\u00bb use_icon=\u00bbon\u00bb font_icon=\u00bb&#xf51c;||fa||900&#8243; icon_color=\u00bbgcid-primary-color\u00bb _builder_version=\u00bb4.27.4&#8243; _module_preset=\u00bb9cf05df1-c79e-4f0a-87fa-6239a0d786da\u00bb header_text_color=\u00bbgcid-heading-color\u00bb custom_padding=\u00bb||20px||false|false\u00bb border_color_all=\u00bbgcid-803cbec3-ce51-4865-83f1-75b1ba8d83fc\u00bb border_width_bottom=\u00bb1px\u00bb locked=\u00bboff\u00bb global_colors_info=\u00bb{%22gcid-606d042f-c90f-4ea6-97e7-7b08f1ba25f6%22:%91%22header_4_text_color%22,%22header_2_text_color%22,%22header_text_color__hover%22,%22icon_color%22,%22header_4_text_color%22,%22header_2_text_color%22,%22header_text_color__hover%22,%22header_4_text_color%22,%22header_2_text_color%22,%22header_4_text_color%22,%22header_2_text_color%22,%22header_text_color__hover%22,%22header_4_text_color%22,%22header_2_text_color%22,%22header_4_text_color%22,%22header_2_text_color%22,%22header_text_color__hover%22%93,%22gcid-803cbec3-ce51-4865-83f1-75b1ba8d83fc%22:%91%22border_color_all%22,%22border_color_all%22%93,%22gcid-primary-color%22:%91%22icon_color%22%93,%22gcid-heading-color%22:%91%22header_text_color%22%93}\u00bb header_text_color__hover=\u00bb#C2BEAA\u00bb transform_styles__hover_enabled=\u00bbon|hover\u00bb transform_scale__hover=\u00bb102%|102%\u00bb transform_scale__hover_enabled=\u00bbon|hover\u00bb transform_translate__hover_enabled=\u00bbon|desktop\u00bb transform_rotate__hover_enabled=\u00bbon|desktop\u00bb transform_skew__hover_enabled=\u00bbon|desktop\u00bb transform_origin__hover_enabled=\u00bbon|desktop\u00bb]<\/p>\n<p>Creamos espacios de aprendizaje sobre \u00e9tica, derechos digitales y protecci\u00f3n de la infancia.<\/p>\n<p>[\/et_pb_blurb][\/et_pb_column][\/et_pb_row][\/et_pb_section][et_pb_section fb_built=\u00bb1&#8243; admin_label=\u00bbService\u00bb _builder_version=\u00bb4.20.0&#8243; _module_preset=\u00bbdefault\u00bb background_color=\u00bbgcid-803cbec3-ce51-4865-83f1-75b1ba8d83fc\u00bb custom_padding=\u00bb0px||0px||true|false\u00bb collapsed=\u00bbon\u00bb global_colors_info=\u00bb{%22gcid-803cbec3-ce51-4865-83f1-75b1ba8d83fc%22:%91%22background_color%22%93}\u00bb][et_pb_row column_structure=\u00bb1_2,1_2&#8243; make_equal=\u00bbon\u00bb _builder_version=\u00bb4.20.0&#8243; _module_preset=\u00bbdefault\u00bb custom_padding=\u00bb0px||0px||true|false\u00bb box_shadow_style=\u00bbpreset4&#8243; box_shadow_horizontal=\u00bb30vw\u00bb box_shadow_vertical=\u00bb0px\u00bb box_shadow_color=\u00bbgcid-606d042f-c90f-4ea6-97e7-7b08f1ba25f6&#8243; box_shadow_color_tablet=\u00bbRGBA(255,255,255,0)\u00bb box_shadow_color_phone=\u00bbRGBA(255,255,255,0)\u00bb box_shadow_color_last_edited=\u00bbon|tablet\u00bb global_colors_info=\u00bb{%22gcid-606d042f-c90f-4ea6-97e7-7b08f1ba25f6%22:%91%22box_shadow_color%22%93}\u00bb][et_pb_column type=\u00bb1_2&#8243; _builder_version=\u00bb4.20.0&#8243; _module_preset=\u00bbdefault\u00bb custom_padding=\u00bb60px||||false|false\u00bb custom_padding_tablet=\u00bb30px||||false|false\u00bb custom_padding_phone=\u00bb30px||||false|false\u00bb custom_padding_last_edited=\u00bbon|tablet\u00bb global_colors_info=\u00bb{}\u00bb][et_pb_image src=\u00bbhttps:\/\/marthahernandezabogada.com\/wp-content\/uploads\/2025\/10\/mkuesters_Marta_Fin_highres-25-scaled.jpg\u00bb title_text=\u00bbmkuesters_Marta_Fin_highres-25&#8243; _builder_version=\u00bb4.27.4&#8243; _module_preset=\u00bbdefault\u00bb global_colors_info=\u00bb{}\u00bb][\/et_pb_image][\/et_pb_column][et_pb_column type=\u00bb1_2&#8243; _builder_version=\u00bb4.20.0&#8243; _module_preset=\u00bbdefault\u00bb background_color=\u00bbgcid-606d042f-c90f-4ea6-97e7-7b08f1ba25f6&#8243; custom_padding=\u00bb60px|60px|60px|60px|true|true\u00bb custom_padding_tablet=\u00bb30px|30px|30px|30px|true|true\u00bb custom_padding_phone=\u00bb20px|20px|20px|20px|true|true\u00bb custom_padding_last_edited=\u00bbon|tablet\u00bb global_colors_info=\u00bb{%22gcid-606d042f-c90f-4ea6-97e7-7b08f1ba25f6%22:%91%22background_color%22%93}\u00bb][et_pb_heading title=\u00bbCreemos en un derecho que transforma realidades y protege la dignidad humana.\u00bb _builder_version=\u00bb4.27.4&#8243; _module_preset=\u00bbdefault\u00bb title_text_color=\u00bb#FFFFFF\u00bb title_font_size=\u00bb39px\u00bb title_letter_spacing=\u00bb1px\u00bb global_colors_info=\u00bb{}\u00bb][\/et_pb_heading][et_pb_text _builder_version=\u00bb4.20.0&#8243; _module_preset=\u00bb6dc3b457-6859-4f61-bc93-5aa5d04e988f\u00bb text_text_color=\u00bb#FFFFFF\u00bb global_colors_info=\u00bb{}\u00bb]<\/p>\n<p>\u00bfTienes un proyecto o causa que necesita acompa\u00f1amiento jur\u00eddico?<br data-start=\"3899\" data-end=\"3902\" \/>Escr\u00edbenos y cu\u00e9ntanos tu caso.<\/p>\n<p>[\/et_pb_text][et_pb_button button_url=\u00bb@ET-DC@eyJkeW5hbWljIjp0cnVlLCJjb250ZW50IjoicG9zdF9saW5rX3VybF9wYWdlIiwic2V0dGluZ3MiOnsicG9zdF9pZCI6IjI4MyJ9fQ==@\u00bb button_text=\u00bbAgenda tu consulta\u00bb _builder_version=\u00bb4.27.4&#8243; _dynamic_attributes=\u00bbbutton_url\u00bb _module_preset=\u00bbf05ced8f-d239-4042-86f0-04bca6ce0328&#8243; button_text_color=\u00bbgcid-heading-color\u00bb button_bg_color=\u00bbgcid-1c7f682d-c09a-42e9-8b1c-535ba676533f\u00bb button_border_color=\u00bbgcid-d25112c0-7b42-46ff-8371-eb895a856019&#8243; button_border_radius=\u00bb15px\u00bb button_letter_spacing=\u00bb2px\u00bb global_colors_info=\u00bb{%22gcid-606d042f-c90f-4ea6-97e7-7b08f1ba25f6%22:%91%22button_bg_color%22%93,%22gcid-d25112c0-7b42-46ff-8371-eb895a856019%22:%91%22button_border_color%22%93,%22gcid-1c7f682d-c09a-42e9-8b1c-535ba676533f%22:%91%22button_bg_color%22%93,%22gcid-heading-color%22:%91%22button_text_color%22%93}\u00bb][\/et_pb_button][\/et_pb_column][\/et_pb_row][\/et_pb_section]<\/p>\n","protected":false},"excerpt":{"rendered":"<p>DERECHOS HUMANOS, LITIGIO E INVESTIGACI\u00d3N JUR\u00cdDICAPorque la justicia tambi\u00e9n se construye desde la evidencia, el conocimiento y la empat\u00eda.Trabajamos por la defensa de la dignidad humana m\u00e1s all\u00e1 de los casos individuales.Acompa\u00f1amos a organizaciones, universidades y proyectos internacionales en la construcci\u00f3n de estrategias jur\u00eddicas que promuevan justicia, reparaci\u00f3n y derechos fundamentales.Nuestra labor combina la pr\u00e1ctica [&hellip;]<\/p>\n","protected":false},"author":1,"featured_media":0,"parent":0,"menu_order":0,"comment_status":"closed","ping_status":"closed","template":"","meta":{"_et_pb_use_builder":"on","_et_pb_old_content":"","_et_gb_content_width":"","footnotes":""},"class_list":["post-343","page","type-page","status-publish","hentry"],"yoast_head":"<!-- This site is optimized with the Yoast SEO plugin v27.0 - https:\/\/yoast.com\/product\/yoast-seo-wordpress\/ -->\n<title>DDHH - Abogada Martha Hern\u00e1ndez<\/title>\n<meta name=\"robots\" content=\"index, follow, max-snippet:-1, max-image-preview:large, max-video-preview:-1\" \/>\n<link rel=\"canonical\" href=\"https:\/\/marthahernandezabogada.com\/?page_id=343\" \/>\n<meta property=\"og:locale\" content=\"es_ES\" \/>\n<meta property=\"og:type\" content=\"article\" \/>\n<meta property=\"og:title\" content=\"DDHH - Abogada Martha Hern\u00e1ndez\" \/>\n<meta property=\"og:description\" content=\"DERECHOS HUMANOS, LITIGIO E INVESTIGACI\u00d3N JUR\u00cdDICAPorque la justicia tambi\u00e9n se construye desde la evidencia, el conocimiento y la empat\u00eda.Trabajamos por la defensa de la dignidad humana m\u00e1s all\u00e1 de los casos individuales.Acompa\u00f1amos a organizaciones, universidades y proyectos internacionales en la construcci\u00f3n de estrategias jur\u00eddicas que promuevan justicia, reparaci\u00f3n y derechos fundamentales.Nuestra labor combina la pr\u00e1ctica [&hellip;]\" \/>\n<meta property=\"og:url\" content=\"https:\/\/marthahernandezabogada.com\/?page_id=343\" \/>\n<meta property=\"og:site_name\" content=\"Abogada Martha Hern\u00e1ndez\" \/>\n<meta property=\"article:modified_time\" content=\"2025-11-04T21:35:39+00:00\" \/>\n<meta name=\"twitter:card\" content=\"summary_large_image\" \/>\n<meta name=\"twitter:label1\" content=\"Tiempo de lectura\" \/>\n\t<meta name=\"twitter:data1\" content=\"11 minutos\" \/>\n<script type=\"application\/ld+json\" class=\"yoast-schema-graph\">{\"@context\":\"https:\/\/schema.org\",\"@graph\":[{\"@type\":\"WebPage\",\"@id\":\"https:\/\/marthahernandezabogada.com\/?page_id=343\",\"url\":\"https:\/\/marthahernandezabogada.com\/?page_id=343\",\"name\":\"DDHH - Abogada Martha Hern\u00e1ndez\",\"isPartOf\":{\"@id\":\"https:\/\/marthahernandezabogada.com\/#website\"},\"datePublished\":\"2025-10-29T21:30:58+00:00\",\"dateModified\":\"2025-11-04T21:35:39+00:00\",\"breadcrumb\":{\"@id\":\"https:\/\/marthahernandezabogada.com\/?page_id=343#breadcrumb\"},\"inLanguage\":\"es\",\"potentialAction\":[{\"@type\":\"ReadAction\",\"target\":[\"https:\/\/marthahernandezabogada.com\/?page_id=343\"]}]},{\"@type\":\"BreadcrumbList\",\"@id\":\"https:\/\/marthahernandezabogada.com\/?page_id=343#breadcrumb\",\"itemListElement\":[{\"@type\":\"ListItem\",\"position\":1,\"name\":\"Portada\",\"item\":\"https:\/\/marthahernandezabogada.com\/\"},{\"@type\":\"ListItem\",\"position\":2,\"name\":\"DDHH\"}]},{\"@type\":\"WebSite\",\"@id\":\"https:\/\/marthahernandezabogada.com\/#website\",\"url\":\"https:\/\/marthahernandezabogada.com\/\",\"name\":\"Abogada Martha Hern\u00e1ndez\",\"description\":\"Abogada experta en Derechos Humanos, Extranjer\u00eda e infancia\",\"potentialAction\":[{\"@type\":\"SearchAction\",\"target\":{\"@type\":\"EntryPoint\",\"urlTemplate\":\"https:\/\/marthahernandezabogada.com\/?s={search_term_string}\"},\"query-input\":{\"@type\":\"PropertyValueSpecification\",\"valueRequired\":true,\"valueName\":\"search_term_string\"}}],\"inLanguage\":\"es\"}]}<\/script>\n<!-- \/ Yoast SEO plugin. -->","yoast_head_json":{"title":"DDHH - Abogada Martha Hern\u00e1ndez","robots":{"index":"index","follow":"follow","max-snippet":"max-snippet:-1","max-image-preview":"max-image-preview:large","max-video-preview":"max-video-preview:-1"},"canonical":"https:\/\/marthahernandezabogada.com\/?page_id=343","og_locale":"es_ES","og_type":"article","og_title":"DDHH - Abogada Martha Hern\u00e1ndez","og_description":"DERECHOS HUMANOS, LITIGIO E INVESTIGACI\u00d3N JUR\u00cdDICAPorque la justicia tambi\u00e9n se construye desde la evidencia, el conocimiento y la empat\u00eda.Trabajamos por la defensa de la dignidad humana m\u00e1s all\u00e1 de los casos individuales.Acompa\u00f1amos a organizaciones, universidades y proyectos internacionales en la construcci\u00f3n de estrategias jur\u00eddicas que promuevan justicia, reparaci\u00f3n y derechos fundamentales.Nuestra labor combina la pr\u00e1ctica [&hellip;]","og_url":"https:\/\/marthahernandezabogada.com\/?page_id=343","og_site_name":"Abogada Martha Hern\u00e1ndez","article_modified_time":"2025-11-04T21:35:39+00:00","twitter_card":"summary_large_image","twitter_misc":{"Tiempo de lectura":"11 minutos"},"schema":{"@context":"https:\/\/schema.org","@graph":[{"@type":"WebPage","@id":"https:\/\/marthahernandezabogada.com\/?page_id=343","url":"https:\/\/marthahernandezabogada.com\/?page_id=343","name":"DDHH - Abogada Martha Hern\u00e1ndez","isPartOf":{"@id":"https:\/\/marthahernandezabogada.com\/#website"},"datePublished":"2025-10-29T21:30:58+00:00","dateModified":"2025-11-04T21:35:39+00:00","breadcrumb":{"@id":"https:\/\/marthahernandezabogada.com\/?page_id=343#breadcrumb"},"inLanguage":"es","potentialAction":[{"@type":"ReadAction","target":["https:\/\/marthahernandezabogada.com\/?page_id=343"]}]},{"@type":"BreadcrumbList","@id":"https:\/\/marthahernandezabogada.com\/?page_id=343#breadcrumb","itemListElement":[{"@type":"ListItem","position":1,"name":"Portada","item":"https:\/\/marthahernandezabogada.com\/"},{"@type":"ListItem","position":2,"name":"DDHH"}]},{"@type":"WebSite","@id":"https:\/\/marthahernandezabogada.com\/#website","url":"https:\/\/marthahernandezabogada.com\/","name":"Abogada Martha Hern\u00e1ndez","description":"Abogada experta en Derechos Humanos, Extranjer\u00eda e infancia","potentialAction":[{"@type":"SearchAction","target":{"@type":"EntryPoint","urlTemplate":"https:\/\/marthahernandezabogada.com\/?s={search_term_string}"},"query-input":{"@type":"PropertyValueSpecification","valueRequired":true,"valueName":"search_term_string"}}],"inLanguage":"es"}]}},"_links":{"self":[{"href":"https:\/\/marthahernandezabogada.com\/index.php?rest_route=\/wp\/v2\/pages\/343","targetHints":{"allow":["GET"]}}],"collection":[{"href":"https:\/\/marthahernandezabogada.com\/index.php?rest_route=\/wp\/v2\/pages"}],"about":[{"href":"https:\/\/marthahernandezabogada.com\/index.php?rest_route=\/wp\/v2\/types\/page"}],"author":[{"embeddable":true,"href":"https:\/\/marthahernandezabogada.com\/index.php?rest_route=\/wp\/v2\/users\/1"}],"replies":[{"embeddable":true,"href":"https:\/\/marthahernandezabogada.com\/index.php?rest_route=%2Fwp%2Fv2%2Fcomments&post=343"}],"version-history":[{"count":9,"href":"https:\/\/marthahernandezabogada.com\/index.php?rest_route=\/wp\/v2\/pages\/343\/revisions"}],"predecessor-version":[{"id":489,"href":"https:\/\/marthahernandezabogada.com\/index.php?rest_route=\/wp\/v2\/pages\/343\/revisions\/489"}],"wp:attachment":[{"href":"https:\/\/marthahernandezabogada.com\/index.php?rest_route=%2Fwp%2Fv2%2Fmedia&parent=343"}],"curies":[{"name":"wp","href":"https:\/\/api.w.org\/{rel}","templated":true}]}}